{"id":6850,"date":"2022-10-03T12:28:11","date_gmt":"2022-10-03T10:28:11","guid":{"rendered":"https:\/\/www.mirabel-mielles.com\/?post_type=hebergement&#038;p=6850"},"modified":"2025-01-15T12:13:25","modified_gmt":"2025-01-15T11:13:25","slug":"mobilheim-2-schlafzimmer","status":"publish","type":"hebergement","link":"https:\/\/www.mirabel-mielles.com\/de\/hebergement\/mobil-home-2-chambres","title":{"rendered":"Mobilheim 2 Zimmer"},"content":{"rendered":"<div class=\"wp-block-columns is-layout-flex wp-container-core-columns-is-layout-28f84493 wp-block-columns-is-layout-flex\">\n<div class=\"wp-block-column is-layout-flow wp-block-column-is-layout-flow\" style=\"flex-basis:65%\">\n<p>In diesem Mobilheim <strong>f\u00fcr 5 Personen Komfort<\/strong>, Hier finden Sie alle Einrichtungen, die Sie f\u00fcr einen gelungenen Campingurlaub in Saint-Cast ben\u00f6tigen. Unsere Bereiche sind so gestaltet, dass Sie Ihre ganze kleine Familie aufnehmen k\u00f6nnen. <strong>2 Zimmer<\/strong> und ein Schlafplatz au\u00dferhalb des Schlafzimmers bieten Platz f\u00fcr bis zu 5 Personen.<\/p>\n\n\n\n<p>Um leckere Sommergerichte zuzubereiten, ist die K\u00fcche mit Gaskochplatten, einem K\u00fchlschrank mit Fr\u00e4steil und allen Utensilien, die Sie ben\u00f6tigen, ausgestattet.<\/p>\n\n\n\n<p>Sie k\u00f6nnen auch die Gartenm\u00f6bel auf Ihrem <strong>\u00fcberdachte Terrasse<\/strong> wie es Ihnen gef\u00e4llt. Das Mobilheim ist mit einem Sofa und einer<strong> TV<\/strong> f\u00fcr die etwas weniger sch\u00f6nen Tage!<\/p>\n<\/div>\n\n\n\n<div class=\"wp-block-column is-layout-flow wp-block-column-is-layout-flow\" style=\"flex-basis:35%\">\n<div class=\"wp-block-group has-border-color has-turquoise-border-color is-layout-constrained wp-container-core-group-is-layout-a666d811 wp-block-group-is-layout-constrained\" style=\"border-width:1px;border-radius:4px;padding-top:var(--wp--preset--spacing--40);padding-right:var(--wp--preset--spacing--40);padding-bottom:var(--wp--preset--spacing--40);padding-left:var(--wp--preset--spacing--40)\">\n<p class=\"has-text-align-center\"><strong>In der Nebensaison<\/strong><br>Vermietung von mindestens 2 N\u00e4chten<\/p>\n\n\n\n<figure class=\"wp-block-image aligncenter size-full mt-0\"><img decoding=\"async\" src=\"https:\/\/www.campinglarenaudiere.com\/wp-content\/uploads\/2022\/01\/barre-orange.png\" alt=\"\" class=\"wp-image-2726\"\/><\/figure>\n\n\n\n<p class=\"has-text-align-center\" style=\"margin-top:var(--wp--preset--spacing--30);margin-right:0;margin-bottom:0;margin-left:0\"><strong>Im Sommer<\/strong><br>Mindestens 7 N\u00e4chte<br>An-\/Abreise am Mittwoch oder Samstag<br><\/p>\n<\/div>\n<\/div>\n<\/div>\n\n\n<p><ctv-product data-product-id=\"49970\" data-full=\"true\" ><\/ctv-product><\/p>\n\n\n\t\t<ctv-availability data-background-color=\"#FFFFFFFF\" data-begin-day=\"6\" data-product-id=\"49970\" data-month=\"\" data-show-full-months=\"true\"><\/ctv-availability>\r\n\t\t\n\n\n\n<h2 class=\"wp-block-heading has-medium-font-size\"><strong>Mobilheim mit 2 Schlafzimmern in Saint-Cast-le-Guildo in den C\u00f4tes d'Armor<\/strong><\/h2>\n\n\n\n<p>Ihre Ferienunterkunft in der Bretagne von Mittwoch bis Mittwoch im Sommer!<\/p>\n\n\n\n<figure class=\"wp-block-image size-full\"><img decoding=\"async\" src=\"https:\/\/www.campinglarenaudiere.com\/wp-content\/uploads\/2022\/01\/barre-bleue.png\" alt=\"\" class=\"wp-image-2627\"\/><\/figure>\n\n\n\t\t<ctv-availability data-background-color=\"#FFFFFFFF\" data-begin-day=\"3\" data-product-id=\"120118\" data-month=\"7\" data-show-full-months=\"false\"><\/ctv-availability>","protected":false},"parent":0,"menu_order":2,"template":"","class_list":["post-6850","hebergement","type-hebergement","status-publish","hentry"],"_links":{"self":[{"href":"https:\/\/www.mirabel-mielles.com\/de\/wp-json\/wp\/v2\/hebergement\/6850","targetHints":{"allow":["GET"]}}],"collection":[{"href":"https:\/\/www.mirabel-mielles.com\/de\/wp-json\/wp\/v2\/hebergement"}],"about":[{"href":"https:\/\/www.mirabel-mielles.com\/de\/wp-json\/wp\/v2\/types\/hebergement"}],"version-history":[{"count":12,"href":"https:\/\/www.mirabel-mielles.com\/de\/wp-json\/wp\/v2\/hebergement\/6850\/revisions"}],"predecessor-version":[{"id":10094,"href":"https:\/\/www.mirabel-mielles.com\/de\/wp-json\/wp\/v2\/hebergement\/6850\/revisions\/10094"}],"wp:attachment":[{"href":"https:\/\/www.mirabel-mielles.com\/de\/wp-json\/wp\/v2\/media?parent=6850"}],"curies":[{"name":"WordPress","href":"https:\/\/api.w.org\/{rel}","templated":true}]}}