{"id":63,"date":"2021-12-10T14:23:37","date_gmt":"2021-12-10T13:23:37","guid":{"rendered":"https:\/\/www.campinglarenaudiere.com\/?page_id=63"},"modified":"2024-06-24T12:14:05","modified_gmt":"2024-06-24T10:14:05","slug":"zweitwohnsitz-bretagne","status":"publish","type":"page","link":"https:\/\/www.mirabel-mielles.com\/de\/residence-secondaire-bretagne","title":{"rendered":"Ihr Zweitwohnsitz"},"content":{"rendered":"<h1 class=\"wp-block-heading\" id=\"votre-residence-secondaire-a-deux-pas-de-pornic\">Ihr Zweitwohnsitz in Saint-Cast-le-Guildo<\/h1>\n\n\n\n<div class=\"wp-block-group alignwide is-layout-flow wp-block-group-is-layout-flow\">\n<div class=\"wp-block-columns is-layout-flex wp-container-core-columns-is-layout-28f84493 wp-block-columns-is-layout-flex\">\n<div class=\"wp-block-column is-layout-flow wp-block-column-is-layout-flow\">\n<div class=\"wp-block-media-text alignfull has-media-on-the-right is-stacked-on-mobile is-vertically-aligned-center\"><div class=\"wp-block-media-text__content\">\n<h2 class=\"wp-block-heading\" id=\"locations-de-parcelles-a-l-annee-au-camping-la-renaudiere-44\">Mieten Sie Ihre Parzelle ganzj\u00e4hrig auf dem Campingplatz Les Mielles in der Bretagne (22)<\/h2>\n\n\n\n<figure class=\"wp-block-image size-full\"><img decoding=\"async\" src=\"https:\/\/www.campinglarenaudiere.com\/wp-content\/uploads\/2022\/01\/barre-bleue.png\" alt=\"\" class=\"wp-image-2382\"\/><\/figure>\n\n\n\n<p><strong>Mit der Entscheidung, einen Zweitwohnsitz in Les Mielles zu kaufen<\/strong>, Sie haben also ein zweites Zuhause, in dem Sie sich entspannen und mit Ihren Lieben abschalten k\u00f6nnen. Ihr Mobilheim ist nach Ihrem Geschmack eingerichtet und steht Ihnen w\u00e4hrend der gesamten \u00d6ffnungszeiten des Campingplatzes, d. h. vom 15. M\u00e4rz bis zum 15. November, zur Verf\u00fcgung.<\/p>\n\n\n\n<figure class=\"wp-block-image alignleft size-full is-resized\"><img loading=\"lazy\" decoding=\"async\" src=\"https:\/\/www.campinglarenaudiere.com\/wp-content\/uploads\/2022\/01\/Panneau-vectoriel-original.png\" alt=\"willkommen zuhause!\" class=\"wp-image-1748\" width=\"150\" height=\"134\"\/><\/figure>\n\n\n\n<p class=\"has-text-align-left texte-rond has-orange-color has-text-color has-large-font-size\"><br>Werden Sie Eigent\u00fcmer Ihres Mobilheims und teilen Sie das Beste!<\/p>\n<\/div><figure class=\"wp-block-media-text__media\"><img loading=\"lazy\" decoding=\"async\" width=\"1024\" height=\"683\" src=\"https:\/\/www.mirabel-mielles.com\/wp-content\/uploads\/2022\/09\/1_residence-parcelle-mobilhome-1024x683.jpg\" alt=\"werden Sie Eigent\u00fcmer Ihres Mobilheims\" class=\"wp-image-6213 size-full\" srcset=\"https:\/\/www.mirabel-mielles.com\/wp-content\/uploads\/2022\/09\/1_residence-parcelle-mobilhome-1024x683.jpg 1024w, https:\/\/www.mirabel-mielles.com\/wp-content\/uploads\/2022\/09\/1_residence-parcelle-mobilhome-300x200.jpg 300w, https:\/\/www.mirabel-mielles.com\/wp-content\/uploads\/2022\/09\/1_residence-parcelle-mobilhome-768x512.jpg 768w, https:\/\/www.mirabel-mielles.com\/wp-content\/uploads\/2022\/09\/1_residence-parcelle-mobilhome.jpg 1200w\" sizes=\"auto, (max-width: 1024px) 100vw, 1024px\" \/><\/figure><\/div>\n<\/div>\n<\/div>\n\n\n\n<div class=\"wp-block-media-text alignwide is-stacked-on-mobile\"><figure class=\"wp-block-media-text__media\"><img loading=\"lazy\" decoding=\"async\" width=\"1024\" height=\"683\" src=\"https:\/\/www.mirabel-mielles.com\/wp-content\/uploads\/2022\/10\/proprietaire-mobil-home-maison-secondaire-1024x683.jpg\" alt=\"Zweithaus auf dem Campingplatz in der Bretagne\" class=\"wp-image-6738 size-full\" srcset=\"https:\/\/www.mirabel-mielles.com\/wp-content\/uploads\/2022\/10\/proprietaire-mobil-home-maison-secondaire-1024x683.jpg 1024w, https:\/\/www.mirabel-mielles.com\/wp-content\/uploads\/2022\/10\/proprietaire-mobil-home-maison-secondaire-300x200.jpg 300w, https:\/\/www.mirabel-mielles.com\/wp-content\/uploads\/2022\/10\/proprietaire-mobil-home-maison-secondaire-768x512.jpg 768w, https:\/\/www.mirabel-mielles.com\/wp-content\/uploads\/2022\/10\/proprietaire-mobil-home-maison-secondaire.jpg 1200w\" sizes=\"auto, (max-width: 1024px) 100vw, 1024px\" \/><\/figure><div class=\"wp-block-media-text__content\">\n<div style=\"height:5px\" aria-hidden=\"true\" class=\"wp-block-spacer\"><\/div>\n\n\n\n<div class=\"wp-block-group card card-body border border-info h-100 has-turquoise-color has-text-color is-layout-flow wp-block-group-is-layout-flow\">\n<p class=\"has-text-align-center\"><strong>Warum sollte man sich f\u00fcr einen Zweitwohnsitz auf einem Campingplatz entscheiden?<\/strong><br>Weil es vor allem und vor allem + Dienstleistungen und - Einschr\u00e4nkungen bedeutet wie :<br> <img decoding=\"async\" class=\"wp-image-2357\" style=\"width: 50px;\" src=\"https:\/\/www.campinglarenaudiere.com\/wp-content\/uploads\/2022\/01\/barre-orange.png\" alt=\"\"> <\/p>\n\n\n\n<p><strong><mark style=\"background-color:rgba(0, 0, 0, 0)\" class=\"has-inline-color has-orange-color\">\u2022<\/mark><\/strong> Ein pied \u00e0 terre in einer idealen Umgebung nahe am Meer<\/p>\n\n\n\n<p><strong><mark style=\"background-color:rgba(0, 0, 0, 0)\" class=\"has-inline-color has-orange-color\">\u2022<\/mark><\/strong> Ein zweites Haus zu einem attraktiven Preis<\/p>\n\n\n\n<p><strong><mark style=\"background-color:rgba(0, 0, 0, 0)\" class=\"has-inline-color has-orange-color\">\u2022<\/mark><\/strong> Zugang zu allen Dienstleistungen des Campingplatzes (Schwimmbad, Animationen, Sporteinrichtungen, ...)<\/p>\n\n\n\n<p><strong><mark style=\"background-color:rgba(0, 0, 0, 0)\" class=\"has-inline-color has-orange-color\">\u2022<\/mark><\/strong> Eine Freizeitinvestition: Vermieten Sie Ihr Mobilheim, wenn Sie nicht dort sind.<\/p>\n\n\n\n<p><strong><mark style=\"background-color:rgba(0, 0, 0, 0)\" class=\"has-inline-color has-orange-color\">\u2022<\/mark><\/strong> Eine Befreiung von der Immobiliensteuer: Da das Mobilheim als bewegliches Gut gilt (und nicht als Immobilie wie ein Haus).<\/p>\n<\/div>\n<\/div><\/div>\n\n\n\n<div style=\"height:15px\" aria-hidden=\"true\" class=\"wp-block-spacer\"><\/div>\n\n\n\n<div class=\"wp-block-media-text alignwide has-media-on-the-right is-stacked-on-mobile front-page-section grey animate\"><div class=\"wp-block-media-text__content\">\n<h2 class=\"wp-block-heading\" id=\"comment-choisir-son-mobil-home\">Welche Kriterien sollte Ihr Mobilheim erf\u00fcllen?<\/h2>\n\n\n\n<figure class=\"wp-block-image size-full\"><img decoding=\"async\" src=\"https:\/\/www.campinglarenaudiere.com\/wp-content\/uploads\/2022\/01\/barre-bleue.png\" alt=\"\" class=\"wp-image-2382\"\/><\/figure>\n\n\n\n<p>Es gibt keine vordefinierten Kriterien f\u00fcr Ihren Zweitwohnsitz, au\u00dfer dass Sie sich dort wie zu Hause f\u00fchlen sollen! Daher ist es wichtig, dass Sie\u2019<strong>Ihre Bed\u00fcrfnisse ermitteln <\/strong>bevor Sie bei dem von Ihnen ausgew\u00e4hlten Hersteller eine Bestellung aufgeben.<br>Wir arbeiten mit <strong>mehrere gro\u00dfe Marken<\/strong> von Qualit\u00e4t und Vertrauen: Rapidhome, IRM, Rideau, O'hara, Nautilhome, ...<br>Jedes Mobilheim kann nach Belieben angepasst werden: 1 bis 3 Schlafzimmer, 1 bis 2 Badezimmer, halboffene oder \u00fcberdachte Terrasse, Ankleidezimmer, Gartenhaus, ...<\/p>\n\n\n\n<p>W\u00e4hlen Sie Ihre Parzelle aus, von 140m2 bis 200m2, und unser Team wird Sie bei den weiteren Schritten begleiten. Wir k\u00fcmmern uns auch um die Abnahme, das Verkeilen, den Anschluss und die Montage.<\/p>\n\n\n\n<p><strong>N\u00e4mlich :<\/strong> Sie sind Eigent\u00fcmer des Mobilheims und Mieter Ihres Stellplatzes. Die Miete wird verl\u00e4ngert <strong>alle zwei Jahre<\/strong>.<\/p>\n<\/div><figure class=\"wp-block-media-text__media\"><img loading=\"lazy\" decoding=\"async\" width=\"1024\" height=\"684\" src=\"https:\/\/www.mirabel-mielles.com\/wp-content\/uploads\/2022\/09\/3_vente-mobil-home-louisiane-taos-3-1024x684.jpg\" alt=\"kauf eines Mobilheims in der Bretagne\" class=\"wp-image-6215 size-full\" srcset=\"https:\/\/www.mirabel-mielles.com\/wp-content\/uploads\/2022\/09\/3_vente-mobil-home-louisiane-taos-3-1024x684.jpg 1024w, https:\/\/www.mirabel-mielles.com\/wp-content\/uploads\/2022\/09\/3_vente-mobil-home-louisiane-taos-3-300x200.jpg 300w, https:\/\/www.mirabel-mielles.com\/wp-content\/uploads\/2022\/09\/3_vente-mobil-home-louisiane-taos-3-768x513.jpg 768w, https:\/\/www.mirabel-mielles.com\/wp-content\/uploads\/2022\/09\/3_vente-mobil-home-louisiane-taos-3.jpg 1200w\" sizes=\"auto, (max-width: 1024px) 100vw, 1024px\" \/><\/figure><\/div>\n\n\n\n<p class=\"has-text-align-center texte-rond has-orange-color has-text-color has-huge-font-size\">  - Kleinanzeigen -  <\/p>\n\n\n\n<div class=\"wp-block-columns is-layout-flex wp-container-core-columns-is-layout-28f84493 wp-block-columns-is-layout-flex\">\n<div class=\"wp-block-column mt-2 mb-2 ml-md-5 mr-md-5 ml-0 mr-0 is-layout-flow wp-block-column-is-layout-flow\">\n<div class=\"wp-block-group card h-100 is-layout-flow wp-block-group-is-layout-flow\">\n<figure class=\"wp-block-image size-full card-img-top\"><a href=\"https:\/\/www.mirabel-mielles.com\/de\/verkauf-mobilheime\/#neuf\"><img decoding=\"async\" src=\"https:\/\/www.campinglarenaudiere.com\/wp-content\/uploads\/2022\/01\/Mobil-home-Confort-Plus-1-chambre-lit-dappoint-2.jpg\" alt=\"neues Mobilheim\" class=\"wp-image-2887\"\/><\/a><\/figure>\n\n\n\n<p class=\"has-text-align-center card-title has-orange-color has-text-color\" style=\"font-size:24px\"><strong>Neue Mobilheime<\/strong><\/p>\n\n\n\n<div class=\"wp-block-buttons is-horizontal is-content-justification-center is-layout-flex wp-container-core-buttons-is-layout-03627597 wp-block-buttons-is-layout-flex\">\n<div class=\"wp-block-button\"><a class=\"wp-block-button__link has-white-color has-orange-background-color has-text-color has-background wp-element-button\" href=\"https:\/\/www.mirabel-mielles.com\/de\/verkauf-mobilheime\/#neuf\" style=\"border-radius:30px\">Mehr erfahren<\/a><\/div>\n<\/div>\n\n\n\n<div style=\"height:10px\" aria-hidden=\"true\" class=\"wp-block-spacer\"><\/div>\n<\/div>\n<\/div>\n\n\n\n<div class=\"wp-block-column mt-2 mb-2 ml-5 mr-md-5 mr-0 is-layout-flow wp-block-column-is-layout-flow\">\n<div class=\"wp-block-group card h-100 is-layout-flow wp-block-group-is-layout-flow\">\n<figure class=\"wp-block-image size-full card-img-top\"><a href=\"https:\/\/www.mirabel-mielles.com\/de\/verkauf-mobilheime\/#occasion\"><img decoding=\"async\" src=\"https:\/\/www.campinglarenaudiere.com\/wp-content\/uploads\/2022\/01\/Mobil-home-Confort-Plus-2-chambres-1-lit-dappoint-1.jpg\" alt=\"gebrauchte Mobilheime\" class=\"wp-image-2885\"\/><\/a><\/figure>\n\n\n\n<p class=\"has-text-align-center card-title has-orange-color has-text-color\" style=\"font-size:24px\"><strong>Gebrauchte Mobilheime<\/strong><\/p>\n\n\n\n<div class=\"wp-block-buttons is-horizontal is-content-justification-center is-layout-flex wp-container-core-buttons-is-layout-03627597 wp-block-buttons-is-layout-flex\">\n<div class=\"wp-block-button\"><a class=\"wp-block-button__link has-white-color has-orange-background-color has-text-color has-background wp-element-button\" href=\"https:\/\/www.mirabel-mielles.com\/de\/verkauf-mobilheime\/#occasion\" style=\"border-radius:50px\">Mehr erfahren<\/a><\/div>\n<\/div>\n\n\n\n<div style=\"height:10px\" aria-hidden=\"true\" class=\"wp-block-spacer\"><\/div>\n<\/div>\n<\/div>\n<\/div>\n<\/div>\n\n\n\n<div class=\"wp-block-cover alignfull is-light has-parallax h-50\"><span aria-hidden=\"true\" class=\"wp-block-cover__background has-orange-background-color has-background-dim-80 has-background-dim\"><\/span><div role=\"img\" class=\"wp-block-cover__image-background wp-image-2862 has-parallax\" style=\"background-position:50% 50%;background-image:url(https:\/\/www.campinglarenaudiere.com\/wp-content\/uploads\/2022\/01\/HEADER-page-Mobil-home.jpg)\"><\/div><div class=\"wp-block-cover__inner-container is-layout-flow wp-block-cover-is-layout-flow\">\n<p class=\"has-text-align-center has-white-color has-text-color has-medium-font-size\"><strong> Sabrina wird Sie auf einer Entdeckungstour durch den Campingplatz und sein Ausstellungsdorf begleiten.<br>Es liegt an Ihnen, den idealen Standort f\u00fcr Ihr zuk\u00fcnftiges Mobilheim zu w\u00e4hlen! <\/strong><\/p>\n\n\n\n<div class=\"wp-block-buttons is-horizontal is-content-justification-center is-layout-flex wp-container-core-buttons-is-layout-03627597 wp-block-buttons-is-layout-flex\">\n<div class=\"wp-block-button aligncenter has-custom-font-size has-medium-font-size\"><a class=\"wp-block-button__link has-orange-color has-white-background-color has-text-color has-background wp-element-button\"><i class=\"fa fa-phone-alt\"><\/i> 02 96 41 87 60<\/a><\/div>\n<\/div>\n\n\n\n<div style=\"height:53px\" aria-hidden=\"true\" class=\"wp-block-spacer\"><\/div>\n\n\n\n<p class=\"has-text-align-center has-white-color has-text-color has-medium-font-size\"><strong>Delphine begleitet Sie bei Ihrem Vorhaben, ein neues Mobilheim zu kaufen. Vereinbaren Sie einen Termin.<\/strong><\/p>\n\n\n\n<div class=\"wp-block-buttons is-layout-flex wp-block-buttons-is-layout-flex\">\n<div class=\"wp-block-button aligncenter has-custom-font-size has-medium-font-size\"><a class=\"wp-block-button__link has-orange-color has-white-background-color has-text-color has-background wp-element-button\"><i class=\"fa fa-phone-alt\"> <\/i> 07 88 74 48 18<\/a><\/div>\n<\/div>\n\n\n\n<div style=\"height:63px\" aria-hidden=\"true\" class=\"wp-block-spacer\"><\/div>\n\n\n\n<p class=\"has-text-align-center texte-rond has-white-color has-text-color has-huge-font-size\">Kontaktieren Sie uns schnell, um Ihr Projekt zu besprechen und Ihren Traum zu verwirklichen!<\/p>\n\n\n\n<div style=\"height:20px\" aria-hidden=\"true\" class=\"wp-block-spacer\"><\/div>\n<\/div><\/div>\n\n\n\n<div style=\"height:60px\" aria-hidden=\"true\" class=\"wp-block-spacer\"><\/div>\n\n\n\n<figure class=\"wp-block-image aligncenter size-full\"><img loading=\"lazy\" decoding=\"async\" width=\"1024\" height=\"84\" src=\"https:\/\/www.mirabel-mielles.com\/wp-content\/uploads\/2022\/09\/photo-1024x84-1.png\" alt=\"\" class=\"wp-image-6139\" srcset=\"https:\/\/www.mirabel-mielles.com\/wp-content\/uploads\/2022\/09\/photo-1024x84-1.png 1024w, https:\/\/www.mirabel-mielles.com\/wp-content\/uploads\/2022\/09\/photo-1024x84-1-300x25.png 300w, https:\/\/www.mirabel-mielles.com\/wp-content\/uploads\/2022\/09\/photo-1024x84-1-768x63.png 768w\" sizes=\"auto, (max-width: 1024px) 100vw, 1024px\" \/><\/figure>\n\n\n\t\t\t<div id=\"sevgallery-1694137642\" class=\"sev-diaporama sev-diaporama-portfolio\">\r\n\t\t\t\t<div class=\"row\">\r\n\r\n\t\t\t\t\t\r\n\t\t\t\t\t\t\r\n\t\t\t\t\t\t<div class=\"sev-diaporama-portfolio-item   btnseeall btnseeall-xl col-12 col-md  col-grow\">\r\n\t\t\t\t\t\t\t<a href=\"https:\/\/www.mirabel-mielles.com\/wp-content\/uploads\/2022\/10\/proprietaire-mobilhome-resident-1024x683.jpg\" data-lightbox=\"sevgallery-1694137642\" style=\"background-image: url(https:\/\/www.mirabel-mielles.com\/wp-content\/uploads\/2022\/10\/proprietaire-mobilhome-resident-1024x683.jpg)\">\r\n\t\t\t\t\t\t\t\t<img decoding=\"async\" src=\"https:\/\/www.mirabel-mielles.com\/wp-content\/uploads\/2022\/10\/proprietaire-mobilhome-resident-1024x683.jpg\" alt=\"Ihren Zweitwohnsitz in der Bretagne\" loading=\"lazy\">\r\n\t\t\t\t\t\t\t\t\t\t\t\t\t\t\t<\/a>\r\n\t\t\t\t\t\t<\/div>\r\n\r\n\t\t\t\t\t\t\r\n\t\t\t\t\t\t\t\t\t\t\t\t\t\t\t\t\t\r\n\t\t\t\t\t\t\r\n\t\t\t\t\t\t<div class=\"sev-diaporama-portfolio-item   btnseeall btnseeall-xl col-12 col-md  col-shrink\">\r\n\t\t\t\t\t\t\t<a href=\"https:\/\/www.mirabel-mielles.com\/wp-content\/uploads\/2022\/10\/resident-amis-apero-1024x683.jpg\" data-lightbox=\"sevgallery-1694137642\" style=\"background-image: url(https:\/\/www.mirabel-mielles.com\/wp-content\/uploads\/2022\/10\/resident-amis-apero-1024x683.jpg)\">\r\n\t\t\t\t\t\t\t\t<img decoding=\"async\" src=\"https:\/\/www.mirabel-mielles.com\/wp-content\/uploads\/2022\/10\/resident-amis-apero-1024x683.jpg\" alt=\"kauf mobilheim\" loading=\"lazy\">\r\n\t\t\t\t\t\t\t\t\t\t\t\t\t\t\t<\/a>\r\n\t\t\t\t\t\t<\/div>\r\n\r\n\t\t\t\t\t\t\r\n\t\t\t\t\t\t\t\t\t\t\t\t\t\t\t\t\t\r\n\t\t\t\t\t\t\r\n\t\t\t\t\t\t<div class=\"sev-diaporama-portfolio-item   btnseeall btnseeall-xl col-12 col-md  col-shrink\">\r\n\t\t\t\t\t\t\t<a href=\"https:\/\/www.mirabel-mielles.com\/wp-content\/uploads\/2022\/10\/residentiel-parcelle-mobilhome-1024x683.jpg\" data-lightbox=\"sevgallery-1694137642\" style=\"background-image: url(https:\/\/www.mirabel-mielles.com\/wp-content\/uploads\/2022\/10\/residentiel-parcelle-mobilhome-1024x683.jpg)\">\r\n\t\t\t\t\t\t\t\t<img decoding=\"async\" src=\"https:\/\/www.mirabel-mielles.com\/wp-content\/uploads\/2022\/10\/residentiel-parcelle-mobilhome-1024x683.jpg\" alt=\"werden Sie Eigent\u00fcmer Ihres Mobilheims\" loading=\"lazy\">\r\n\t\t\t\t\t\t\t\t\t\t\t\t\t\t\t<\/a>\r\n\t\t\t\t\t\t<\/div>\r\n\r\n\t\t\t\t\t\t\r\n\t\t\t\t\t\t\t\t\t\t\t\t\t\t\t\t\t\r\n\t\t\t\t\t\t\r\n\t\t\t\t\t\t<div class=\"sev-diaporama-portfolio-item   btnseeall btnseeall-xl col-12 col-md\">\r\n\t\t\t\t\t\t\t<a href=\"https:\/\/www.mirabel-mielles.com\/wp-content\/uploads\/2022\/10\/resident-jeux-palet-1024x683.jpg\" data-lightbox=\"sevgallery-1694137642\" style=\"background-image: url(https:\/\/www.mirabel-mielles.com\/wp-content\/uploads\/2022\/10\/resident-jeux-palet-1024x683.jpg)\">\r\n\t\t\t\t\t\t\t\t<img decoding=\"async\" src=\"https:\/\/www.mirabel-mielles.com\/wp-content\/uploads\/2022\/10\/resident-jeux-palet-1024x683.jpg\" alt=\"kauf mobilheim camping Bretagne\" loading=\"lazy\">\r\n\t\t\t\t\t\t\t\t\t\t\t\t\t\t\t<\/a>\r\n\t\t\t\t\t\t<\/div>\r\n\r\n\t\t\t\t\t\t\t\t\t\t\t\t\t<div class=\"w-100\"><\/div>\r\n\t\t\t\t\t\t\t\t\t\t\t\t\t\r\n\t\t\t\t\t\t\t\t\t\t\t\t\t\t\t\t\t\r\n\t\t\t\t\t\t\r\n\t\t\t\t\t\t<div class=\"sev-diaporama-portfolio-item   btnseeall btnseeall-xl col-12 col-md\">\r\n\t\t\t\t\t\t\t<a href=\"https:\/\/www.mirabel-mielles.com\/wp-content\/uploads\/2022\/10\/residents-discussion-amis-mobilhome-1024x683.jpg\" data-lightbox=\"sevgallery-1694137642\" style=\"background-image: url(https:\/\/www.mirabel-mielles.com\/wp-content\/uploads\/2022\/10\/residents-discussion-amis-mobilhome-1024x683.jpg)\">\r\n\t\t\t\t\t\t\t\t<img decoding=\"async\" src=\"https:\/\/www.mirabel-mielles.com\/wp-content\/uploads\/2022\/10\/residents-discussion-amis-mobilhome-1024x683.jpg\" alt=\"kauf mobilheim camping Bretagne\" loading=\"lazy\">\r\n\t\t\t\t\t\t\t\t\t\t\t\t\t\t\t<\/a>\r\n\t\t\t\t\t\t<\/div>\r\n\r\n\t\t\t\t\t\t\r\n\t\t\t\t\t\t\t\t\t\t\t\t\t\t\t\t\t\r\n\t\t\t\t\t\t\r\n\t\t\t\t\t\t<div class=\"sev-diaporama-portfolio-item   btnseeall btnseeall-xl col-12 col-md\">\r\n\t\t\t\t\t\t\t<a href=\"https:\/\/www.mirabel-mielles.com\/wp-content\/uploads\/2022\/10\/vente-mobil-home-IRM-Magnolia-3-1024x684.jpg\" data-lightbox=\"sevgallery-1694137642\" style=\"background-image: url(https:\/\/www.mirabel-mielles.com\/wp-content\/uploads\/2022\/10\/vente-mobil-home-IRM-Magnolia-3-1024x684.jpg)\">\r\n\t\t\t\t\t\t\t\t<img decoding=\"async\" src=\"https:\/\/www.mirabel-mielles.com\/wp-content\/uploads\/2022\/10\/vente-mobil-home-IRM-Magnolia-3-1024x684.jpg\" alt=\"kauf mobilheim camping Bretagne\" loading=\"lazy\">\r\n\t\t\t\t\t\t\t\t\t\t\t\t\t\t\t<\/a>\r\n\t\t\t\t\t\t<\/div>\r\n\r\n\t\t\t\t\t\t\r\n\t\t\t\t\t\t\t\t\t\t\t\t\t\t\t\t\t\r\n\t\t\t\t\t\t\r\n\t\t\t\t\t\t<div class=\"sev-diaporama-portfolio-item   btnseeall btnseeall-xl col-12 col-md  col-shrink\">\r\n\t\t\t\t\t\t\t<a href=\"https:\/\/www.mirabel-mielles.com\/wp-content\/uploads\/2022\/10\/vente-mobil-home-IRM-Magnolia-4-1024x684.jpg\" data-lightbox=\"sevgallery-1694137642\" style=\"background-image: url(https:\/\/www.mirabel-mielles.com\/wp-content\/uploads\/2022\/10\/vente-mobil-home-IRM-Magnolia-4-1024x684.jpg)\">\r\n\t\t\t\t\t\t\t\t<img decoding=\"async\" src=\"https:\/\/www.mirabel-mielles.com\/wp-content\/uploads\/2022\/10\/vente-mobil-home-IRM-Magnolia-4-1024x684.jpg\" alt=\"kauf mobilheim camping Bretagne\" loading=\"lazy\">\r\n\t\t\t\t\t\t\t\t\t\t\t\t\t\t\t<\/a>\r\n\t\t\t\t\t\t<\/div>\r\n\r\n\t\t\t\t\t\t\r\n\t\t\t\t\t\t\t\t\t\t\t\t\t\t\t\t\t\r\n\t\t\t\t\t\t\r\n\t\t\t\t\t\t<div class=\"sev-diaporama-portfolio-item  limitsm btnseeall btnseeall-xl col-12 col-md  col-grow last-visible\">\r\n\t\t\t\t\t\t\t<a href=\"https:\/\/www.mirabel-mielles.com\/de\/photos-camping-mielles\"  style=\"background-image: url(https:\/\/www.mirabel-mielles.com\/wp-content\/uploads\/2022\/10\/vente-mobil-home-rapidhome-lodge77-2-1024x683.jpg)\">\r\n\t\t\t\t\t\t\t\t<img decoding=\"async\" src=\"https:\/\/www.mirabel-mielles.com\/wp-content\/uploads\/2022\/10\/vente-mobil-home-rapidhome-lodge77-2-1024x683.jpg\" alt=\"kauf mobilheim camping Bretagne\" loading=\"lazy\">\r\n\t\t\t\t\t\t\t\t\t\t\t\t\t\t\t\t\t<img decoding=\"async\" src=\"https:\/\/www.mirabel-mielles.com\/wp-content\/themes\/mielles\/assets\/img\/voir-photos.png\" alt=\"\" \/>\r\n\t\t\t\t\t\t\t\t\t<span>Alle Fotos anzeigen<\/span>\r\n\t\t\t\t\t\t\t\t\t\t\t\t\t\t\t<\/a>\r\n\t\t\t\t\t\t<\/div>\r\n\r\n\t\t\t\t\t\t\t\t\t\t\t\t\t<div class=\"w-100\"><\/div>\r\n\t\t\t\t\t\t\t\t\t\t\t\t\t\r\n\t\t\t\t\t\t\t\t\t\t\t\t\t\t\t\t\t\t\t\t\t<\/div>\r\n\t\t\t<\/div>\r\n\r\n\t\t\t<script>\r\n\t\t\tjQuery(function($) {\r\n\r\n\t\t\t\tvar marginPortfolio = function() {\r\n\r\n\t\t\t\t\tvar $diapo          = $('#sevgallery-1694137642');\r\n\t\t\t\t\tvar container_width = $diapo.parent().outerWidth();\r\n\t\t\t\t\tvar side            = ( $(window).innerWidth() - container_width ) \/ 2;\r\n\r\n\t\t\t\t\t$diapo.css( {\r\n\t\t\t\t\t\t'margin-left': '-' + side + 'px',\r\n\t\t\t\t\t\t'margin-right': '-' + side + 'px',\r\n\t\t\t\t\t} );\r\n\t\t\t\t};\r\n\r\n\t\t\t\t$( window ).resize( function() {\r\n\t\t\t\t\tmarginPortfolio();\r\n\t\t\t\t} );\r\n\t\t\t\tmarginPortfolio();\r\n\t\t\t});\r\n\t\t\t<\/script>","protected":false},"excerpt":{"rendered":"<p>Votre r\u00e9sidence secondaire \u00e0 Saint-Cast-le-Guildo Louez votre parcelle \u00e0 l\u2019ann\u00e9e au Camping Les Mielles en Bretagne (22) En faisant le [&hellip;]<\/p>\n","protected":false},"author":1,"featured_media":0,"parent":0,"menu_order":0,"comment_status":"closed","ping_status":"closed","template":"","meta":{"_seopress_robots_primary_cat":"","_seopress_titles_title":"Locations parcelles r\u00e9sidence secondaire St Cast le Guildo","_seopress_titles_desc":"Locations de parcelles \u00e0 l\u2019ann\u00e9e au camping Les Mielles pour l'achat de votre r\u00e9sidence secondaire \u00e0 Saint Cast le Guildo.","_seopress_robots_index":"","footnotes":""},"class_list":["post-63","page","type-page","status-publish","hentry"],"_links":{"self":[{"href":"https:\/\/www.mirabel-mielles.com\/de\/wp-json\/wp\/v2\/pages\/63","targetHints":{"allow":["GET"]}}],"collection":[{"href":"https:\/\/www.mirabel-mielles.com\/de\/wp-json\/wp\/v2\/pages"}],"about":[{"href":"https:\/\/www.mirabel-mielles.com\/de\/wp-json\/wp\/v2\/types\/page"}],"author":[{"embeddable":true,"href":"https:\/\/www.mirabel-mielles.com\/de\/wp-json\/wp\/v2\/users\/1"}],"replies":[{"embeddable":true,"href":"https:\/\/www.mirabel-mielles.com\/de\/wp-json\/wp\/v2\/comments?post=63"}],"version-history":[{"count":12,"href":"https:\/\/www.mirabel-mielles.com\/de\/wp-json\/wp\/v2\/pages\/63\/revisions"}],"predecessor-version":[{"id":9649,"href":"https:\/\/www.mirabel-mielles.com\/de\/wp-json\/wp\/v2\/pages\/63\/revisions\/9649"}],"wp:attachment":[{"href":"https:\/\/www.mirabel-mielles.com\/de\/wp-json\/wp\/v2\/media?parent=63"}],"curies":[{"name":"WordPress","href":"https:\/\/api.w.org\/{rel}","templated":true}]}}