{"id":67,"date":"2021-12-10T14:24:37","date_gmt":"2021-12-10T13:24:37","guid":{"rendered":"https:\/\/www.campinglarenaudiere.com\/?page_id=67"},"modified":"2026-02-26T10:44:57","modified_gmt":"2026-02-26T09:44:57","slug":"region-zielgebiet-cap-frehel-cap-erquy","status":"publish","type":"page","link":"https:\/\/www.mirabel-mielles.com\/de\/region-destination-cap-frehel-cap-erquy","title":{"rendered":"Entdecken Sie das Cap d'Erquy"},"content":{"rendered":"<h1 class=\"wp-block-heading\">Campingplatz in der N\u00e4he von Erquy mit Schwimmbad<\/h1>\n\n\n\n<p class=\"has-text-align-center\">Gelegen in der N\u00e4he von <strong>Cap d'Erquy in der Bretagne<\/strong>, Auf unserem Campingplatz mit seinem beheizten Schwimmbad k\u00f6nnen Sie einen Urlaub am Meer verbringen. Sie k\u00f6nnen dann von den Wanderwegen profitieren <strong>wandern in Erquy<\/strong> und dort die symboltr\u00e4chtigen Landschaften des 19.<sup>\u00e8me<\/sup> Grand site de France, in der N\u00e4he von Cap Fr\u00e9hel.<\/p>\n\n\n\n<figure class=\"wp-block-image aligncenter size-full\"><img loading=\"lazy\" decoding=\"async\" width=\"50\" height=\"8\" src=\"https:\/\/www.mirabel-mielles.com\/wp-content\/uploads\/2022\/09\/barre-bleue.png\" alt=\"\" class=\"wp-image-5969\"\/><\/figure>\n\n\n\n<div class=\"wp-block-media-text alignwide has-media-on-the-right is-stacked-on-mobile is-vertically-aligned-center\"><div class=\"wp-block-media-text__content\">\n<h2 class=\"wp-block-heading\">Entdecken Sie das Cap d'Erquy in der Bretagne<\/h2>\n\n\n\n<p>Nur 30 Minuten mit dem Auto vom Campingplatz Les Mielles entfernt, gehen Sie auf Entdeckungsreise in diesem wundersch\u00f6nen Ort auf <a href=\"https:\/\/www.mirabel-mielles.com\/de\/cote-demeraude-bretagne\/\" target=\"_blank\" rel=\"noreferrer noopener\">die Smaragdk\u00fcste<\/a>. Wenn Sie dort angekommen sind, stehen Ihnen mehrere M\u00f6glichkeiten zur Verf\u00fcgung:<br>- Ein gro\u00dfer Spaziergang, um die wilde Flora, die Buchten und kleinen Sandstr\u00e4nde zu bewundern, folgt dem ber\u00fchmten<strong>\u00a0GR34<\/strong>, Pfad von <strong>wandern in Erquy<\/strong>,Von Cap Fr\u00e9hel aus.<\/p>\n\n\n\n<p>- Eine Fangpartie mit Jakobsmuscheln von der Fischauktionshalle aus, gefolgt nat\u00fcrlich von einer Verkostung. Die C\u00f4tes d'Armor sind ber\u00fchmt f\u00fcr ihre Muscheln, wie die ber\u00fchmten <strong>Austern aus Cancale<\/strong>.<\/p>\n\n\n\n<p>- Wer sich f\u00fcr Kultur und Kulturerbe interessiert, kann das Ch\u00e2teau de Bienassis, einen rein bretonischen Herrschaftssitz, besuchen.<\/p>\n\n\n\n<p class=\"texte-rond has-orange-color has-text-color has-link-color has-large-font-size wp-elements-25b2c0737eb970f45a240751ebfbcdd0\">Ein atemberaubender Ausblick!<\/p>\n\n\n\n<p class=\"border border-info card p-4\"><strong>Kleine Anekdote \u00fcber das Dorf Erquy :<\/strong> Erquy hat Uderzo dazu inspiriert, sein ber\u00fchmtes gallisches Dorf in seinen Alben zu positionieren. Asterix und Obelix sind also in gewisser Weise Cousins (wenn auch etwas entfernt, um ehrlich zu sein). Nett, oder?<\/p>\n<\/div><figure class=\"wp-block-media-text__media\"><img loading=\"lazy\" decoding=\"async\" width=\"600\" height=\"400\" src=\"https:\/\/www.mirabel-mielles.com\/wp-content\/uploads\/2026\/02\/car-erquy-bretagne.jpg\" alt=\"\" class=\"wp-image-10860 size-full\" srcset=\"https:\/\/www.mirabel-mielles.com\/wp-content\/uploads\/2026\/02\/car-erquy-bretagne.jpg 600w, https:\/\/www.mirabel-mielles.com\/wp-content\/uploads\/2026\/02\/car-erquy-bretagne-300x200.jpg 300w\" sizes=\"auto, (max-width: 600px) 100vw, 600px\" \/><\/figure><\/div>\n\n\n\n<div class=\"wp-block-media-text alignwide is-stacked-on-mobile is-vertically-aligned-center animate left front-page-section grey\"><figure class=\"wp-block-media-text__media\"><img loading=\"lazy\" decoding=\"async\" width=\"700\" height=\"467\" src=\"https:\/\/www.mirabel-mielles.com\/wp-content\/uploads\/2023\/04\/vacances-camping-ideal-pour-les-famille-a-saint-cast-le-guildo.jpg\" alt=\"die Str\u00e4nde in Erquy\" class=\"wp-image-8312 size-full\" srcset=\"https:\/\/www.mirabel-mielles.com\/wp-content\/uploads\/2023\/04\/vacances-camping-ideal-pour-les-famille-a-saint-cast-le-guildo.jpg 700w, https:\/\/www.mirabel-mielles.com\/wp-content\/uploads\/2023\/04\/vacances-camping-ideal-pour-les-famille-a-saint-cast-le-guildo-300x200.jpg 300w\" sizes=\"auto, (max-width: 700px) 100vw, 700px\" \/><\/figure><div class=\"wp-block-media-text__content\">\n<h2 class=\"wp-block-heading\"><strong>Die Str\u00e4nde am Cap d'Erquy<\/strong><\/h2>\n\n\n\n<figure class=\"wp-block-image size-full\"><img decoding=\"async\" src=\"https:\/\/www.campinglarenaudiere.com\/wp-content\/uploads\/2022\/01\/barre-bleue.png\" alt=\"\" class=\"wp-image-2382\"\/><\/figure>\n\n\n\n<p>Ob Sie einen ruhigen Ort zum Ausruhen, f\u00fcr ein kurzes Sommerbad oder einfach nur zum Betrachten der Aussicht suchen, in Erquy werden Sie garantiert f\u00fcndig. Zahlreiche Str\u00e4nde s\u00e4umen die K\u00fcste und bieten Ihnen Abwechslung und Faulenzen f\u00fcr ein Wochenende oder ein paar Tage im Jahr. <strong><u>Urlaub in den C\u00f4tes d'Armor.<\/u><\/strong><\/p>\n\n\n\n<p>Wir haben f\u00fcr Sie einige Str\u00e4nde in Erquy ausgew\u00e4hlt, die Sie unbedingt sehen sollten:<\/p>\n\n\n\n<p>- La Plage Saint-Michel - Mit seinem feinen Sand und dem klaren Wasser werden Sie den Augenblick verl\u00e4ngern wollen, so idyllisch ist dieser Ort.<\/p>\n\n\n\n<p>- La Plage de Caroual - Dieser f\u00fcr seine famili\u00e4re Atmosph\u00e4re sehr bekannte Strand wird jeden und jeden Geschmack begeistern: Spazierg\u00e4nge, Wassersportaktivit\u00e4ten, beaufsichtigtes Schwimmen, ...<\/p>\n\n\n\n<p>- Die wilden Str\u00e4nde- Diese Str\u00e4nde, die sich im Herzen des Cap d'Erquy befinden und \u00fcber den GR34 erreichbar sind, werden Sie begeistern. Es handelt sich um kleine, ruhige Buchten, in denen man sich gerne erholt und die Landschaft bewundert.<\/p>\n<\/div><\/div>\n\n\n\n<div class=\"wp-block-columns is-layout-flex wp-container-core-columns-is-layout-28f84493 wp-block-columns-is-layout-flex\">\n<div class=\"wp-block-column ml-auto mr-auto is-layout-flow wp-block-column-is-layout-flow\" style=\"flex-basis:80%\"><\/div>\n<\/div>\n\n\n\n<div class=\"wp-block-columns is-layout-flex wp-container-core-columns-is-layout-28f84493 wp-block-columns-is-layout-flex\">\n<div class=\"wp-block-column is-layout-flow wp-block-column-is-layout-flow\">\n<figure class=\"wp-block-image size-full\"><img loading=\"lazy\" decoding=\"async\" width=\"600\" height=\"400\" src=\"https:\/\/www.mirabel-mielles.com\/wp-content\/uploads\/2026\/02\/erquy-crique-plage-sauvage.jpg\" alt=\"erquy bucht transparentes wasser cote d&#039;armor\" class=\"wp-image-10865\" srcset=\"https:\/\/www.mirabel-mielles.com\/wp-content\/uploads\/2026\/02\/erquy-crique-plage-sauvage.jpg 600w, https:\/\/www.mirabel-mielles.com\/wp-content\/uploads\/2026\/02\/erquy-crique-plage-sauvage-300x200.jpg 300w\" sizes=\"auto, (max-width: 600px) 100vw, 600px\" \/><\/figure>\n\n\n\n<h3 class=\"wp-block-heading has-text-align-center\">Die Buchten des Cap d'Erquy <\/h3>\n<\/div>\n\n\n\n<div class=\"wp-block-column is-layout-flow wp-block-column-is-layout-flow\">\n<div class=\"wp-block-group border border-info card is-layout-flow wp-block-group-is-layout-flow\">\n<p class=\"has-text-align-center\"><strong>Wussten Sie schon? &nbsp;<\/strong><br><img decoding=\"async\" class=\"wp-image-2357\" style=\"width: 50px;\" src=\"https:\/\/www.campinglarenaudiere.com\/wp-content\/uploads\/2022\/01\/barre-orange.png\" alt=\"\"><\/p>\n\n\n\n<p class=\"has-text-align-center\">Die Grands Sites de France f\u00fchren ehrgeizige Sanierungsprojekte zur Verwaltung von prestigetr\u00e4chtigen und viel besuchten denkmalgesch\u00fctzten Orten auf franz\u00f6sischem Boden durch (Landschaft, Schutzgebiet, ...). Cap Fr\u00e9hel und Cap d'Erquy geh\u00f6ren zu diesen Grands Sites de France und sind ein Muss f\u00fcr jeden, der ein paar Tage in der Region verbringt. <strong>Urlaub in Saint-Cast-le-Guildo.<\/strong><\/p>\n<\/div>\n<\/div>\n\n\n\n<div class=\"wp-block-column is-layout-flow wp-block-column-is-layout-flow\">\n<figure class=\"wp-block-image size-full\"><img loading=\"lazy\" decoding=\"async\" width=\"600\" height=\"402\" src=\"https:\/\/www.mirabel-mielles.com\/wp-content\/uploads\/2026\/02\/fort-lalatte-bretagne.jpg\" alt=\"fort lalatte bretagne cap frehel\" class=\"wp-image-10866\" srcset=\"https:\/\/www.mirabel-mielles.com\/wp-content\/uploads\/2026\/02\/fort-lalatte-bretagne.jpg 600w, https:\/\/www.mirabel-mielles.com\/wp-content\/uploads\/2026\/02\/fort-lalatte-bretagne-300x201.jpg 300w\" sizes=\"auto, (max-width: 600px) 100vw, 600px\" \/><\/figure>\n\n\n\n<h3 class=\"wp-block-heading has-text-align-center\">Fort LaLatte vom Campingplatz La Crique aus<\/h3>\n<\/div>\n<\/div>\n\n\n\n<hr class=\"wp-block-separator has-alpha-channel-opacity\"\/>\n\n\n\n<div class=\"wp-block-media-text alignwide has-media-on-the-right is-stacked-on-mobile is-vertically-aligned-center is-style-default animate right\"><div class=\"wp-block-media-text__content\">\n<h4 class=\"wp-block-heading\">Das Cap Fr\u00e9hel und seine Klippen<\/h4>\n\n\n\n<figure class=\"wp-block-image size-full\"><img decoding=\"async\" src=\"https:\/\/www.campinglarenaudiere.com\/wp-content\/uploads\/2022\/01\/barre-bleue.png\" alt=\"\" class=\"wp-image-2382\"\/><\/figure>\n\n\n\n<p>Wenn Sie in Saint-Cast-le-Guildo sind, sollten Sie sich nicht die Gelegenheit entgehen lassen, das\u00a0<strong>Cap Fr\u00e9hel<\/strong>\u00a0und seinem ber\u00fchmten Leuchtturm, der 70 Meter hoch ist. Dort erwarten Sie 400 ha Heidelandschaft, ein unvergleichliches Vogelschutzgebiet und nicht zu vergessen die grandiose Aussicht auf die Smaragdk\u00fcste und das Fort La Latte. Die <strong>Leuchtturm von Cap Fr\u00e9hel<\/strong> kann besichtigt werden. Er dominiert die Landspitze 100 Meter \u00fcber dem Meeresspiegel und ist bis heute einer der f\u00fcnf st\u00e4rksten franz\u00f6sischen Leuchtt\u00fcrme. Steigen Sie nach Ihrem Besuch auf den Gipfel und genie\u00dfen Sie die Aussicht einfach, bevor Sie zur\u00fcck nach <a href=\"https:\/\/www.mirabel-mielles.com\/de\/tarife-fur-die-vermietung-von-mobilheimen\/\" target=\"_blank\" rel=\"noreferrer noopener\">Ihrem Mobilheim.<\/a><\/p>\n\n\n\n<p><\/p>\n\n\n\n<h4 class=\"wp-block-heading\">Entdecken Sie das Fort Lalatte<\/h4>\n\n\n\n<p>Seit unserem <a href=\"https:\/\/www.mirabel-crique.com\/\" target=\"_blank\" rel=\"noreferrer noopener\">3-Sterne-Campingplatz La Crique<\/a> (ebenfalls in Saint-Cast-le-Guildo gelegen), oder auf der anderen Seite des Cap Fr\u00e9hel sehen Sie zwangsl\u00e4ufig den <strong>Fort Lalatte.<\/strong> Er ist einer der gr\u00f6\u00dften <strong>bretonische Schl\u00f6sser<\/strong>\u00a0als historisches Monument klassifiziert. In der Saison k\u00f6nnen Sie es mit der ganzen Familie und Ihren Kindern besuchen. Neben seiner Vergangenheit und Geschichte macht ihn auch seine Lage zu einem symboltr\u00e4chtigen Ort der Region, der weithin sichtbar und leicht zu erkennen ist.<\/p>\n<\/div><figure class=\"wp-block-media-text__media\"><img loading=\"lazy\" decoding=\"async\" width=\"1024\" height=\"683\" src=\"https:\/\/www.mirabel-mielles.com\/wp-content\/uploads\/2022\/09\/cap-frehel-phare-1024x683.jpg\" alt=\"der Leuchtturm von Cap Frehel an der C\u00f4te d&#039;Armor\" class=\"wp-image-6196 size-full\" srcset=\"https:\/\/www.mirabel-mielles.com\/wp-content\/uploads\/2022\/09\/cap-frehel-phare-1024x683.jpg 1024w, https:\/\/www.mirabel-mielles.com\/wp-content\/uploads\/2022\/09\/cap-frehel-phare-300x200.jpg 300w, https:\/\/www.mirabel-mielles.com\/wp-content\/uploads\/2022\/09\/cap-frehel-phare-768x512.jpg 768w, https:\/\/www.mirabel-mielles.com\/wp-content\/uploads\/2022\/09\/cap-frehel-phare.jpg 1200w\" sizes=\"auto, (max-width: 1024px) 100vw, 1024px\" \/><\/figure><\/div>\n\n\n\n<p class=\"has-text-align-center texte-rond mt-5 has-large-font-size\">Was es auf dem Campingplatz zu entdecken gibt<\/p>\n\n\n\n<div class=\"wp-block-columns are-vertically-aligned-center h-20 front-page-section grey is-layout-flex wp-container-core-columns-is-layout-28f84493 wp-block-columns-is-layout-flex\">\n<div class=\"wp-block-column is-layout-flow wp-block-column-is-layout-flow\"><\/div>\n\n\n\n<div class=\"wp-block-column is-layout-flow wp-block-column-is-layout-flow\">\n<div class=\"wp-block-create-block-sevgutenberg-navigation\"><aside class=\"encart-sev-navigation small carre\"><a href=\"https:\/\/www.mirabel-mielles.com\/de\/tarife-fur-die-vermietung-von-mobilheimen\/\" class=\"d-flex flex-column align-items-center\"><div class=\"encart-title\"><span>Vermietungen<\/span><\/div><div class=\"vague\"><\/div><img decoding=\"async\" src=\"https:\/\/www.mirabel-mielles.com\/wp-content\/uploads\/2022\/09\/mh-pmr-soleil.jpg\" alt=\"Vermietung Mobilheim PMR\"\/><div class=\"ligne\"><\/div><div class=\"hover\"><\/div><\/a><\/aside><\/div>\n<\/div>\n\n\n\n<div class=\"wp-block-column is-vertically-aligned-center is-layout-flow wp-block-column-is-layout-flow\">\n<div class=\"wp-block-create-block-sevgutenberg-navigation\"><aside class=\"encart-sev-navigation small carre\"><a href=\"https:\/\/www.mirabel-mielles.com\/de\/saint-cast-le-guildo\/\" class=\"d-flex flex-column align-items-center\"><div class=\"encart-title\"><span>Saint-Cast-le-Guildo<\/span><\/div><div class=\"vague\"><\/div><img decoding=\"async\" src=\"https:\/\/www.mirabel-mielles.com\/wp-content\/uploads\/2022\/09\/2-grande-plage-saint-cast.jpg\" alt=\"\"\/><div class=\"ligne\"><\/div><div class=\"hover\"><\/div><\/a><\/aside><\/div>\n<\/div>\n\n\n\n<div class=\"wp-block-column is-vertically-aligned-center is-layout-flow wp-block-column-is-layout-flow\">\n<div class=\"wp-block-create-block-sevgutenberg-navigation\"><aside class=\"encart-sev-navigation small carre\"><a href=\"https:\/\/www.mirabel-mielles.com\/de\/die-erfahrungen\/\" class=\"d-flex flex-column align-items-center\"><div class=\"encart-title\"><span>Erfahrungen<\/span><\/div><div class=\"vague\"><\/div><img decoding=\"async\" src=\"https:\/\/www.mirabel-mielles.com\/wp-content\/uploads\/2022\/09\/2-parapente-mer-pixabay.jpg\" alt=\"\"\/><div class=\"ligne\"><\/div><div class=\"hover\"><\/div><\/a><\/aside><\/div>\n<\/div>\n\n\n\n<div class=\"wp-block-column is-layout-flow wp-block-column-is-layout-flow\"><\/div>\n<\/div>\n\n\n\n<figure class=\"wp-block-image aligncenter size-large is-resized mt-5\"><img decoding=\"async\" src=\"https:\/\/www.campinglarenaudiere.com\/wp-content\/uploads\/2022\/01\/photo-1024x84.png\" alt=\"Fotogalerie\" class=\"wp-image-2371\" style=\"width:768px;height:63px\"\/><\/figure>\n\n\n\t\t\t<div id=\"sevgallery-184361247\" class=\"sev-diaporama sev-diaporama-portfolio\">\r\n\t\t\t\t<div class=\"row\">\r\n\r\n\t\t\t\t\t\r\n\t\t\t\t\t\t\r\n\t\t\t\t\t\t<div class=\"sev-diaporama-portfolio-item   btnseeall btnseeall-xl col-12 col-md  col-shrink\">\r\n\t\t\t\t\t\t\t<a href=\"https:\/\/www.mirabel-mielles.com\/wp-content\/uploads\/2022\/09\/cap-frehel-coucher-soleil-683x1024.jpg\" data-lightbox=\"sevgallery-184361247\" style=\"background-image: url(https:\/\/www.mirabel-mielles.com\/wp-content\/uploads\/2022\/09\/cap-frehel-coucher-soleil-683x1024.jpg)\">\r\n\t\t\t\t\t\t\t\t<img decoding=\"async\" src=\"https:\/\/www.mirabel-mielles.com\/wp-content\/uploads\/2022\/09\/cap-frehel-coucher-soleil-683x1024.jpg\" alt=\"cap frehel in der N\u00e4he des Campingplatzes\" loading=\"lazy\">\r\n\t\t\t\t\t\t\t\t\t\t\t\t\t\t\t<\/a>\r\n\t\t\t\t\t\t<\/div>\r\n\r\n\t\t\t\t\t\t\r\n\t\t\t\t\t\t\t\t\t\t\t\t\t\t\t\t\t\r\n\t\t\t\t\t\t\r\n\t\t\t\t\t\t<div class=\"sev-diaporama-portfolio-item   btnseeall btnseeall-xl col-12 col-md  col-shrink\">\r\n\t\t\t\t\t\t\t<a href=\"https:\/\/www.mirabel-mielles.com\/wp-content\/uploads\/2022\/09\/cap-frehel-falaise-fleurs-1024x683.jpg\" data-lightbox=\"sevgallery-184361247\" style=\"background-image: url(https:\/\/www.mirabel-mielles.com\/wp-content\/uploads\/2022\/09\/cap-frehel-falaise-fleurs-1024x683.jpg)\">\r\n\t\t\t\t\t\t\t\t<img decoding=\"async\" src=\"https:\/\/www.mirabel-mielles.com\/wp-content\/uploads\/2022\/09\/cap-frehel-falaise-fleurs-1024x683.jpg\" alt=\"camping nahe cap frehel\" loading=\"lazy\">\r\n\t\t\t\t\t\t\t\t\t\t\t\t\t\t\t<\/a>\r\n\t\t\t\t\t\t<\/div>\r\n\r\n\t\t\t\t\t\t\r\n\t\t\t\t\t\t\t\t\t\t\t\t\t\t\t\t\t\r\n\t\t\t\t\t\t\r\n\t\t\t\t\t\t<div class=\"sev-diaporama-portfolio-item   btnseeall btnseeall-xl col-12 col-md  col-shrink\">\r\n\t\t\t\t\t\t\t<a href=\"https:\/\/www.mirabel-mielles.com\/wp-content\/uploads\/2022\/09\/cap-frehel-fort-lalatte-1024x683.jpg\" data-lightbox=\"sevgallery-184361247\" style=\"background-image: url(https:\/\/www.mirabel-mielles.com\/wp-content\/uploads\/2022\/09\/cap-frehel-fort-lalatte-1024x683.jpg)\">\r\n\t\t\t\t\t\t\t\t<img decoding=\"async\" src=\"https:\/\/www.mirabel-mielles.com\/wp-content\/uploads\/2022\/09\/cap-frehel-fort-lalatte-1024x683.jpg\" alt=\"cap frehel in der N\u00e4he des Campingplatzes\" loading=\"lazy\">\r\n\t\t\t\t\t\t\t\t\t\t\t\t\t\t\t<\/a>\r\n\t\t\t\t\t\t<\/div>\r\n\r\n\t\t\t\t\t\t\r\n\t\t\t\t\t\t\t\t\t\t\t\t\t\t\t\t\t\r\n\t\t\t\t\t\t\r\n\t\t\t\t\t\t<div class=\"sev-diaporama-portfolio-item   btnseeall btnseeall-xl col-12 col-md\">\r\n\t\t\t\t\t\t\t<a href=\"https:\/\/www.mirabel-mielles.com\/wp-content\/uploads\/2022\/09\/cap-frehel-phare-1024x683.jpg\" data-lightbox=\"sevgallery-184361247\" style=\"background-image: url(https:\/\/www.mirabel-mielles.com\/wp-content\/uploads\/2022\/09\/cap-frehel-phare-1024x683.jpg)\">\r\n\t\t\t\t\t\t\t\t<img decoding=\"async\" src=\"https:\/\/www.mirabel-mielles.com\/wp-content\/uploads\/2022\/09\/cap-frehel-phare-1024x683.jpg\" alt=\"zelten in der bretagne\" loading=\"lazy\">\r\n\t\t\t\t\t\t\t\t\t\t\t\t\t\t\t<\/a>\r\n\t\t\t\t\t\t<\/div>\r\n\r\n\t\t\t\t\t\t\t\t\t\t\t\t\t<div class=\"w-100\"><\/div>\r\n\t\t\t\t\t\t\t\t\t\t\t\t\t\r\n\t\t\t\t\t\t\t\t\t\t\t\t\t\t\t\t\t\r\n\t\t\t\t\t\t\r\n\t\t\t\t\t\t<div class=\"sev-diaporama-portfolio-item   btnseeall btnseeall-xl col-12 col-md  col-grow\">\r\n\t\t\t\t\t\t\t<a href=\"https:\/\/www.mirabel-mielles.com\/wp-content\/uploads\/2022\/09\/car-erquy-6-683x1024.jpg\" data-lightbox=\"sevgallery-184361247\" style=\"background-image: url(https:\/\/www.mirabel-mielles.com\/wp-content\/uploads\/2022\/09\/car-erquy-6-683x1024.jpg)\">\r\n\t\t\t\t\t\t\t\t<img decoding=\"async\" src=\"https:\/\/www.mirabel-mielles.com\/wp-content\/uploads\/2022\/09\/car-erquy-6-683x1024.jpg\" alt=\"wandern in der N\u00e4he des Campingplatzes\" loading=\"lazy\">\r\n\t\t\t\t\t\t\t\t\t\t\t\t\t\t\t<\/a>\r\n\t\t\t\t\t\t<\/div>\r\n\r\n\t\t\t\t\t\t\r\n\t\t\t\t\t\t\t\t\t\t\t\t\t\t\t\t\t\r\n\t\t\t\t\t\t\r\n\t\t\t\t\t\t<div class=\"sev-diaporama-portfolio-item   btnseeall btnseeall-xl col-12 col-md  col-grow\">\r\n\t\t\t\t\t\t\t<a href=\"https:\/\/www.mirabel-mielles.com\/wp-content\/uploads\/2022\/09\/car-erquy-8-1024x683.jpg\" data-lightbox=\"sevgallery-184361247\" style=\"background-image: url(https:\/\/www.mirabel-mielles.com\/wp-content\/uploads\/2022\/09\/car-erquy-8-1024x683.jpg)\">\r\n\t\t\t\t\t\t\t\t<img decoding=\"async\" src=\"https:\/\/www.mirabel-mielles.com\/wp-content\/uploads\/2022\/09\/car-erquy-8-1024x683.jpg\" alt=\"camping in der n\u00e4he von cap erquy\" loading=\"lazy\">\r\n\t\t\t\t\t\t\t\t\t\t\t\t\t\t\t<\/a>\r\n\t\t\t\t\t\t<\/div>\r\n\r\n\t\t\t\t\t\t\r\n\t\t\t\t\t\t\t\t\t\t\t\t\t\t\t\t\t\r\n\t\t\t\t\t\t\r\n\t\t\t\t\t\t<div class=\"sev-diaporama-portfolio-item   btnseeall btnseeall-xl col-12 col-md  col-grow\">\r\n\t\t\t\t\t\t\t<a href=\"https:\/\/www.mirabel-mielles.com\/wp-content\/uploads\/2022\/09\/car-erquy-9-1024x683.jpg\" data-lightbox=\"sevgallery-184361247\" style=\"background-image: url(https:\/\/www.mirabel-mielles.com\/wp-content\/uploads\/2022\/09\/car-erquy-9-1024x683.jpg)\">\r\n\t\t\t\t\t\t\t\t<img decoding=\"async\" src=\"https:\/\/www.mirabel-mielles.com\/wp-content\/uploads\/2022\/09\/car-erquy-9-1024x683.jpg\" alt=\"cap erquy in der N\u00e4he des Campingplatzes\" loading=\"lazy\">\r\n\t\t\t\t\t\t\t\t\t\t\t\t\t\t\t<\/a>\r\n\t\t\t\t\t\t<\/div>\r\n\r\n\t\t\t\t\t\t\r\n\t\t\t\t\t\t\t\t\t\t\t\t\t\t\t\t\t\r\n\t\t\t\t\t\t\r\n\t\t\t\t\t\t<div class=\"sev-diaporama-portfolio-item   btnseeall btnseeall-xl col-12 col-md  col-shrink last-visible\">\r\n\t\t\t\t\t\t\t<a href=\"https:\/\/www.mirabel-mielles.com\/de\/photos-camping-mielles\"  style=\"background-image: url(https:\/\/www.mirabel-mielles.com\/wp-content\/uploads\/2022\/09\/erquy-crique-1024x683.jpg)\">\r\n\t\t\t\t\t\t\t\t<img decoding=\"async\" src=\"https:\/\/www.mirabel-mielles.com\/wp-content\/uploads\/2022\/09\/erquy-crique-1024x683.jpg\" alt=\"landschaften rund um das Zelten in der Bretagne\" loading=\"lazy\">\r\n\t\t\t\t\t\t\t\t\t\t\t\t\t\t\t\t\t<img decoding=\"async\" src=\"https:\/\/www.mirabel-mielles.com\/wp-content\/themes\/mielles\/assets\/img\/voir-photos.png\" alt=\"\" \/>\r\n\t\t\t\t\t\t\t\t\t<span>Alle Fotos anzeigen<\/span>\r\n\t\t\t\t\t\t\t\t\t\t\t\t\t\t\t<\/a>\r\n\t\t\t\t\t\t<\/div>\r\n\r\n\t\t\t\t\t\t\t\t\t\t\t\t\t<div class=\"w-100\"><\/div>\r\n\t\t\t\t\t\t\t\t\t\t\t\t\t\r\n\t\t\t\t\t\t\t\t\t\t\t\t\t\t\t\t\t\r\n\t\t\t\t\t\t\r\n\t\t\t\t\t\t<div class=\"sev-diaporama-portfolio-item  limitsm btnseeall btnseeall-xl col-12 col-md  d-none\">\r\n\t\t\t\t\t\t\t<a href=\"https:\/\/www.mirabel-mielles.com\/wp-content\/uploads\/2022\/09\/erquy-crique-2-1024x683.jpg\" data-lightbox=\"sevgallery-184361247\" style=\"background-image: url(https:\/\/www.mirabel-mielles.com\/wp-content\/uploads\/2022\/09\/erquy-crique-2-1024x683.jpg)\">\r\n\t\t\t\t\t\t\t\t<img decoding=\"async\" src=\"https:\/\/www.mirabel-mielles.com\/wp-content\/uploads\/2022\/09\/erquy-crique-2-1024x683.jpg\" alt=\"cap erquy\" loading=\"lazy\">\r\n\t\t\t\t\t\t\t\t\t\t\t\t\t\t\t<\/a>\r\n\t\t\t\t\t\t<\/div>\r\n\r\n\t\t\t\t\t\t\r\n\t\t\t\t\t\t\t\t\t\t\t\t\t\t\t\t\t\t\t\t\t<\/div>\r\n\t\t\t<\/div>\r\n\r\n\t\t\t<script>\r\n\t\t\tjQuery(function($) {\r\n\r\n\t\t\t\tvar marginPortfolio = function() {\r\n\r\n\t\t\t\t\tvar $diapo          = $('#sevgallery-184361247');\r\n\t\t\t\t\tvar container_width = $diapo.parent().outerWidth();\r\n\t\t\t\t\tvar side            = ( $(window).innerWidth() - container_width ) \/ 2;\r\n\r\n\t\t\t\t\t$diapo.css( {\r\n\t\t\t\t\t\t'margin-left': '-' + side + 'px',\r\n\t\t\t\t\t\t'margin-right': '-' + side + 'px',\r\n\t\t\t\t\t} );\r\n\t\t\t\t};\r\n\r\n\t\t\t\t$( window ).resize( function() {\r\n\t\t\t\t\tmarginPortfolio();\r\n\t\t\t\t} );\r\n\t\t\t\tmarginPortfolio();\r\n\t\t\t});\r\n\t\t\t<\/script>","protected":false},"excerpt":{"rendered":"<p>Camping \u00e0 proximit\u00e9 d&rsquo;Erquy avec piscine Situ\u00e9 \u00e0 proximit\u00e9 du Cap d\u2019Erquy en Bretagne, notre camping et sa piscine chauff\u00e9e [&hellip;]<\/p>\n","protected":false},"author":1,"featured_media":0,"parent":0,"menu_order":0,"comment_status":"closed","ping_status":"closed","template":"","meta":{"_seopress_robots_primary_cat":"","_seopress_titles_title":"Camping avec piscine proche du Cap d'Erquy","_seopress_titles_desc":"Partez \u00e0 la d\u00e9couverte du Cap Erquy, site touristique majeur dans les C\u00f4tes d'Armor. \u00c0 30 min du Camping 4 \u00e9toiles les Mielles.","_seopress_robots_index":"","footnotes":""},"class_list":["post-67","page","type-page","status-publish","hentry"],"_links":{"self":[{"href":"https:\/\/www.mirabel-mielles.com\/de\/wp-json\/wp\/v2\/pages\/67","targetHints":{"allow":["GET"]}}],"collection":[{"href":"https:\/\/www.mirabel-mielles.com\/de\/wp-json\/wp\/v2\/pages"}],"about":[{"href":"https:\/\/www.mirabel-mielles.com\/de\/wp-json\/wp\/v2\/types\/page"}],"author":[{"embeddable":true,"href":"https:\/\/www.mirabel-mielles.com\/de\/wp-json\/wp\/v2\/users\/1"}],"replies":[{"embeddable":true,"href":"https:\/\/www.mirabel-mielles.com\/de\/wp-json\/wp\/v2\/comments?post=67"}],"version-history":[{"count":23,"href":"https:\/\/www.mirabel-mielles.com\/de\/wp-json\/wp\/v2\/pages\/67\/revisions"}],"predecessor-version":[{"id":10941,"href":"https:\/\/www.mirabel-mielles.com\/de\/wp-json\/wp\/v2\/pages\/67\/revisions\/10941"}],"wp:attachment":[{"href":"https:\/\/www.mirabel-mielles.com\/de\/wp-json\/wp\/v2\/media?parent=67"}],"curies":[{"name":"WordPress","href":"https:\/\/api.w.org\/{rel}","templated":true}]}}