{"id":10591,"date":"2025-09-02T16:15:37","date_gmt":"2025-09-02T14:15:37","guid":{"rendered":"https:\/\/www.mirabel-mielles.com\/?page_id=10591"},"modified":"2026-01-28T07:50:36","modified_gmt":"2026-01-28T06:50:36","slug":"ecologisch-verantwoord-kamperen","status":"publish","type":"page","link":"https:\/\/www.mirabel-mielles.com\/nl\/camping-ecoresponsable","title":{"rendered":"Eco-verantwoord kamperen"},"content":{"rendered":"<h1 class=\"wp-block-heading\">Eco-verantwoord kamperen in Saint-Cast-le-Guildo<\/h1>\n\n\n\n<p>Kampeerder zijn betekent kiezen voor een vakantie op de camping, in de open lucht, in een natuurlijke omgeving. Deze omgeving moet beschermd worden en daarom dragen wij ons steentje bij door geleidelijk onze praktijken te verbeteren in het kader van het \u00abPlan Duurzaam Kamperen\u00bb.<\/p>\n\n\n\n<div class=\"wp-block-media-text is-stacked-on-mobile\"><figure class=\"wp-block-media-text__media\"><img loading=\"lazy\" decoding=\"async\" width=\"1024\" height=\"1024\" src=\"https:\/\/www.mirabel-mielles.com\/wp-content\/uploads\/2026\/01\/engagement-durable-Mirabel-1024x1024.jpg\" alt=\"camping toegewijd aan de bescherming van het milieu in Bretagne, C\u00f4te d&#039;armor, Saint-Cast-le-Guildo\" class=\"wp-image-10594 size-full\" srcset=\"https:\/\/www.mirabel-mielles.com\/wp-content\/uploads\/2026\/01\/engagement-durable-Mirabel-1024x1024.jpg 1024w, https:\/\/www.mirabel-mielles.com\/wp-content\/uploads\/2026\/01\/engagement-durable-Mirabel-300x300.jpg 300w, https:\/\/www.mirabel-mielles.com\/wp-content\/uploads\/2026\/01\/engagement-durable-Mirabel-150x150.jpg 150w, https:\/\/www.mirabel-mielles.com\/wp-content\/uploads\/2026\/01\/engagement-durable-Mirabel-768x768.jpg 768w, https:\/\/www.mirabel-mielles.com\/wp-content\/uploads\/2026\/01\/engagement-durable-Mirabel.jpg 1200w\" sizes=\"auto, (max-width: 1024px) 100vw, 1024px\" \/><\/figure><div class=\"wp-block-media-text__content\">\n<h2 class=\"wp-block-heading\"><strong>Duurzaam toerisme met Ademe<\/strong><\/h2>\n\n\n\n<p>Al vele jaren beheren onze teams de camping en doen ze hun uiterste best om <strong>respect voor natuur en milieu<\/strong>. Dit menselijke engagement wordt een engagement voor de Mirabel familiegroep in 2024. Omdat we verder wilden gaan, stelden we ons voor wat we allemaal konden verbeteren en besloten we hulp aan te vragen bij Ademe. In het voorjaar werd de aanvraag aanvaard en konden we aan de slag!<\/p>\n\n\n\n<p>Hier is de lijst met acties in het programma:<\/p>\n\n\n\n<ul class=\"wp-block-list\">\n<li>Waterbeheer: we vangen regenwater op en beperken ons waterverbruik<\/li>\n\n\n\n<li>Geen wegwerpartikelen meer: vervangen door duurzame producten<\/li>\n\n\n\n<li>Minder afval: begin met composteren<\/li>\n\n\n\n<li>Vervuiling: je verplaatsen zonder te veel te vervuilen<\/li>\n<\/ul>\n\n\n\n<h3 class=\"wp-block-heading\"><strong>Dinan Cap Fr\u00e9hel eco-verantwoord charter<\/strong><\/h3>\n\n\n\n<p>Om onze <strong>lokale betrokkenheid<\/strong>, We onderschrijven ook het charter voor onze regio, Dinan - Cap Fr\u00e9hel. We beginnen met 1 blaadje en gaan dan in 2 etappes naar 3 blaadjes. Dit handvest helpt ons om op koers te blijven met een eenvoudig doel: bijdragen aan de ontwikkeling van een <strong>verantwoord toerisme<\/strong>.<\/p>\n<\/div><\/div>\n\n\n\n<div style=\"height:48px\" aria-hidden=\"true\" class=\"wp-block-spacer\"><\/div>\n\n\n\n<div class=\"wp-block-media-text has-media-on-the-right is-stacked-on-mobile\"><div class=\"wp-block-media-text__content\">\n<h2 class=\"wp-block-heading\"><strong>Betrokken camper kit<\/strong><\/h2>\n\n\n\n<p>Voor <strong>de milieu-impact van vakanties beperken<\/strong>, Het eerste wat we deden was een inventaris opmaken van de praktijken die nog steeds op de camping werden toegepast. We realiseerden ons dat bepaalde gewoonten die we tijdens de Covid-crisis hadden aangenomen, waren blijven bestaan, ook al waren ze niet langer nuttig.<\/p>\n\n\n\n<h3 class=\"wp-block-heading\"><strong>Welkom kit<\/strong><\/h3>\n\n\n\n<p>We besloten eerst om <strong>de wegwerp welkomstkit vervangen. <\/strong>Vroeger kregen kampeerders bij aankomst in hun bungalow een kartonnen doos met producten voor eenmalig gebruik: heel praktisch, maar niet erg respectvol voor onze planeet. Vandaag, wanneer je je intrek neemt in je vakantiewoning, vind je een praktische, deugdzame kit:<\/p>\n\n\n\n<ul class=\"wp-block-list\">\n<li>Wasbare spons (of vaatdoek)<\/li>\n\n\n\n<li>Sorteercontainers: gele mand en compostemmer<\/li>\n\n\n\n<li>Huishoudelijke producten met ecolabel verkrijgbaar<\/li>\n<\/ul>\n\n\n\n<h3 class=\"wp-block-heading\"><strong>Duurzaam beddengoed<\/strong><\/h3>\n\n\n\n<p>Voorheen werden alle beddengoedbeschermers na elk verblijf vervangen en weggegooid, zelfs bij een verblijf van 2 nachten. Vandaag hebben we ge\u00efnvesteerd in <strong>wasbare matrasbeschermers van hoge kwaliteit<\/strong>. Kiezen voor wasbare en duurzame oplossingen betekent dat je je inzet om de hoeveelheid afval tijdens je vakantie te verminderen.<\/p>\n<\/div><figure class=\"wp-block-media-text__media\"><img loading=\"lazy\" decoding=\"async\" width=\"800\" height=\"600\" src=\"https:\/\/www.mirabel-mielles.com\/wp-content\/uploads\/2026\/01\/kit-bienvenue-camping-ecologique-bretagne.jpg\" alt=\"Welkomstpakket voor camping Les Mielles, een ecologisch verantwoorde camping in Noord-Bretagne\" class=\"wp-image-10595 size-full\" srcset=\"https:\/\/www.mirabel-mielles.com\/wp-content\/uploads\/2026\/01\/kit-bienvenue-camping-ecologique-bretagne.jpg 800w, https:\/\/www.mirabel-mielles.com\/wp-content\/uploads\/2026\/01\/kit-bienvenue-camping-ecologique-bretagne-300x225.jpg 300w, https:\/\/www.mirabel-mielles.com\/wp-content\/uploads\/2026\/01\/kit-bienvenue-camping-ecologique-bretagne-768x576.jpg 768w\" sizes=\"auto, (max-width: 800px) 100vw, 800px\" \/><\/figure><\/div>\n\n\n\n<h2 class=\"wp-block-heading\"><strong>Naar minder afval op de camping<\/strong><\/h2>\n\n\n\n<p>We weten allemaal dat we op vakantie ons leven willen vereenvoudigen. Je afval sorteren is niet altijd gemakkelijk, dus hebben we wat eenvoudige informatie voor je verzameld om je te helpen zonder dat het je boven het hoofd groeit!<\/p>\n\n\n\n<h3 class=\"wp-block-heading\"><strong>Sorteren en herstellen<\/strong><\/h3>\n\n\n\n<p>Op de camping wordt afval gesorteerd en voor meer duidelijkheid hebben we informatieborden geplaatst. De containers die ter beschikking worden gesteld aan vakantiegangers maken het makkelijker om afval aan de bron te sorteren. Bij de receptie van de camping staan bakken voor het inzamelen van gebruikte batterijen, gloeilampen, flessendoppen, enz.<\/p>\n\n\n\n<p>De technische en groene ruimten teams spelen ook een belangrijke rol in het verminderen van afval: iedereen komt met idee\u00ebn voor <strong>liever hergebruiken dan weggooien. <\/strong>Alle bloemperken zijn bijvoorbeeld omgeven door mulch. Deze mulch wordt ter plekke gemaakt van gesnoeide takken van de camping. Dit vermindert de hoeveelheid groenafval en de noodzaak om de planten water te geven.<\/p>\n\n\n\n<h3 class=\"wp-block-heading\"><strong>Compost<\/strong><\/h3>\n\n\n\n<p>Afvalbeheer nog verder brengen<strong>, We hebben ook ruimtes gecre\u00eberd voor het verzamelen van groente- en bioafval. <\/strong>In 2024 besloten we zelf een compostvat te maken van sloophout. De bak functioneerde, maar was te open en de problemen begonnen al snel. Het beheer van bioafval is complex vanwege de aard en de hoeveelheden. We hebben een aantal oplossingen uitgeprobeerd voordat we besloten om professionele bakken met knaagdierbestendige roosters te installeren. Compostering zal altijd ter plaatse worden uitgevoerd om behandelings- en transportkosten te vermijden.<\/p>\n\n\n\n<h3 class=\"wp-block-heading\"><strong>We zitten allemaal in hetzelfde schuitje!<\/strong><\/h3>\n\n\n\n<p>De camping is gedeeltelijk residentieel en het zijn onze bewoners die het hele jaar door actief deelnemen aan het leven op de camping. Met de steun van de stad Dinan (die we bedanken voor de lening) hebben we het volgende georganiseerd <strong>bewustmakingsspelletjes<\/strong> de uitdaging van het sorteren van afval. De deelnemers kwamen met hun kleinkinderen voor een leuke en praktische discussie. In de zomer bieden de organisatoren regelmatig <strong>natuuractiviteiten <\/strong>en we voerden zelfs de eerste \u00abmissie goutte verte\u00bb uit in 2025. Dit waren leuke uitdagingen voor teams om aan te gaan rond het thema van milieubescherming. De vakantiegangers hebben een geweldige tijd en we maken van de gelegenheid gebruik om een paar thema's te introduceren die ons na aan het hart liggen.<\/p>\n\n\n\n<div class=\"wp-block-columns is-layout-flex wp-container-core-columns-is-layout-28f84493 wp-block-columns-is-layout-flex\">\n<div class=\"wp-block-column is-layout-flow wp-block-column-is-layout-flow\">\n<figure class=\"wp-block-image size-full\"><img loading=\"lazy\" decoding=\"async\" width=\"600\" height=\"450\" src=\"https:\/\/www.mirabel-mielles.com\/wp-content\/uploads\/2026\/01\/tri-dechets-camping-responsable.jpg\" alt=\"Instructies voor het sorteren van afval, om het sorteren op camping Les Mielles te vergemakkelijken\" class=\"wp-image-10596\" style=\"aspect-ratio:4\/3;object-fit:cover\" srcset=\"https:\/\/www.mirabel-mielles.com\/wp-content\/uploads\/2026\/01\/tri-dechets-camping-responsable.jpg 600w, https:\/\/www.mirabel-mielles.com\/wp-content\/uploads\/2026\/01\/tri-dechets-camping-responsable-300x225.jpg 300w\" sizes=\"auto, (max-width: 600px) 100vw, 600px\" \/><\/figure>\n<\/div>\n\n\n\n<div class=\"wp-block-column is-layout-flow wp-block-column-is-layout-flow\">\n<figure class=\"wp-block-image size-full\"><img loading=\"lazy\" decoding=\"async\" width=\"600\" height=\"464\" src=\"https:\/\/www.mirabel-mielles.com\/wp-content\/uploads\/2026\/01\/espace-verts-responsable-camping.jpg\" alt=\"Mulchen van bloembedden op de camping, bescherming van het milieu in Bretagne\" class=\"wp-image-10598\" style=\"aspect-ratio:4\/3;object-fit:cover\" srcset=\"https:\/\/www.mirabel-mielles.com\/wp-content\/uploads\/2026\/01\/espace-verts-responsable-camping.jpg 600w, https:\/\/www.mirabel-mielles.com\/wp-content\/uploads\/2026\/01\/espace-verts-responsable-camping-300x232.jpg 300w\" sizes=\"auto, (max-width: 600px) 100vw, 600px\" \/><\/figure>\n<\/div>\n\n\n\n<div class=\"wp-block-column is-layout-flow wp-block-column-is-layout-flow\">\n<figure class=\"wp-block-image size-full\"><img loading=\"lazy\" decoding=\"async\" width=\"800\" height=\"600\" src=\"https:\/\/www.mirabel-mielles.com\/wp-content\/uploads\/2026\/01\/jeux-nature-eco-camping.jpg\" alt=\"familiespelletjes met een natuurgids van het Maison de la Rance, zomer 2024\" class=\"wp-image-10599\" style=\"aspect-ratio:4\/3;object-fit:cover\" srcset=\"https:\/\/www.mirabel-mielles.com\/wp-content\/uploads\/2026\/01\/jeux-nature-eco-camping.jpg 800w, https:\/\/www.mirabel-mielles.com\/wp-content\/uploads\/2026\/01\/jeux-nature-eco-camping-300x225.jpg 300w, https:\/\/www.mirabel-mielles.com\/wp-content\/uploads\/2026\/01\/jeux-nature-eco-camping-768x576.jpg 768w\" sizes=\"auto, (max-width: 800px) 100vw, 800px\" \/><\/figure>\n<\/div>\n<\/div>\n\n\n\n<div class=\"wp-block-media-text has-media-on-the-right is-stacked-on-mobile\" style=\"grid-template-columns:auto 41%\"><div class=\"wp-block-media-text__content\">\n<h2 class=\"wp-block-heading\"><strong>Waterbeheer op de camping<\/strong><\/h2>\n\n\n\n<p>Water is een kostbare hulpbron en dat zal over een paar jaar nog meer het geval zijn, dus we moeten vooruit denken om het te beschermen.<\/p>\n\n\n\n<h3 class=\"wp-block-heading\"><strong>Regenwateropvang<\/strong><\/h3>\n\n\n\n<p>De eerste actie die we hebben ingevoerd is de\u2019<strong>installatie van waterterugwinningssystemen <\/strong>in de paden van de camping. We zijn begonnen met kleine containers en gaan door met grotere capaciteiten om planten water te geven en de camping te onderhouden. Een onmiskenbaar voordeel van dit systeem is dat het een voorraad water aanhoudt voor periodes van droogte zonder de grondwaterspiegel aan te tasten.<\/p>\n\n\n\n<h3 class=\"wp-block-heading\"><strong>Verbruikscontrole<\/strong><\/h3>\n\n\n\n<p>Waterlekken zijn een terugkerend probleem op campings, dus om ze op te sporen installeren we een meter met een sensor die op afstand uitleest. Hiermee kunnen we <strong>waterverbruik in realtime monitoren<\/strong>. Met deze tool kunnen we abnormaal of overmatig verbruik identificeren, zodat we actie kunnen ondernemen op de netwerken.<\/p>\n\n\n\n<h3 class=\"wp-block-heading\"><strong>Verdamping bij het zwembad beperken<\/strong><\/h3>\n\n\n\n<p>Waterverdamping is een van de belangrijkste oorzaken van waterverlies uit zwembaden. Het is een verspilling van waterbronnen waar we iets aan kunnen doen. In 2026 beginnen de werkzaamheden om het zwembad te bedekken! <strong>Zwembadafdekking <\/strong>kan het waterverbruik tijdens het seizoen met wel 50% verminderen. Het beperkt ook het warmteverlies. Voor de camping is het ook een kans om het zwembad het hele seizoen open te houden zonder het water- en energieverbruik te verhogen.<\/p>\n<\/div><figure class=\"wp-block-media-text__media\"><img loading=\"lazy\" decoding=\"async\" width=\"724\" height=\"1024\" src=\"https:\/\/www.mirabel-mielles.com\/wp-content\/uploads\/2026\/01\/economie-eau-724x1024.jpg\" alt=\"water besparen, poster over zuinig omgaan met water op de camping\" class=\"wp-image-10603 size-full\" srcset=\"https:\/\/www.mirabel-mielles.com\/wp-content\/uploads\/2026\/01\/economie-eau-724x1024.jpg 724w, https:\/\/www.mirabel-mielles.com\/wp-content\/uploads\/2026\/01\/economie-eau-212x300.jpg 212w, https:\/\/www.mirabel-mielles.com\/wp-content\/uploads\/2026\/01\/economie-eau-768x1087.jpg 768w, https:\/\/www.mirabel-mielles.com\/wp-content\/uploads\/2026\/01\/economie-eau.jpg 800w\" sizes=\"auto, (max-width: 724px) 100vw, 724px\" \/><\/figure><\/div>\n\n\n\n<div style=\"height:36px\" aria-hidden=\"true\" class=\"wp-block-spacer\"><\/div>\n\n\n\n<h2 class=\"wp-block-heading has-text-align-center\">4 campings toegewijd aan ecologie in Cote d'Armor<\/h2>\n\n\n\n<div class=\"wp-block-buttons is-content-justification-center is-layout-flex wp-container-core-buttons-is-layout-a89b3969 wp-block-buttons-is-layout-flex\">\n<div class=\"wp-block-button\"><a class=\"wp-block-button__link has-turquoise-background-color has-background wp-element-button\" href=\"https:\/\/www.mirabel-crique.com\/\" target=\"_blank\" rel=\"noreferrer noopener\">La Crique<\/a><\/div>\n\n\n\n<div class=\"wp-block-button\"><a class=\"wp-block-button__link has-turquoise-background-color has-background wp-element-button\" href=\"https:\/\/www.mirabel-4vaulx.com\/\" target=\"_blank\" rel=\"noreferrer noopener\">De 4 Vaulx<\/a><\/div>\n\n\n\n<div class=\"wp-block-button\"><a class=\"wp-block-button__link has-turquoise-background-color has-background wp-element-button\" href=\"https:\/\/www.mirabel-clostranquille.com\/\" target=\"_blank\" rel=\"noreferrer noopener\">Le Clos Tranquille<\/a><\/div>\n\n\n\n<div class=\"wp-block-button\"><a class=\"wp-block-button__link has-turquoise-background-color has-background wp-element-button\" href=\"https:\/\/www.mirabel-mielles.com\/nl\/\">Les Mielles<\/a><\/div>\n<\/div>\n\n\n\n<p class=\"has-text-align-center\"><\/p>\n\n\n\n<figure class=\"wp-block-image aligncenter size-full is-resized\"><img loading=\"lazy\" decoding=\"async\" width=\"643\" height=\"326\" src=\"https:\/\/www.mirabel-mielles.com\/wp-content\/uploads\/2026\/01\/projet-tourisme-durable-Ademe.png\" alt=\"logo&#039;s van Ademe, Agence de la Transition Ecologique, om initiatieven voor duurzaam toerisme op de camping te financieren\" class=\"wp-image-10604\" style=\"width:444px;height:auto\" srcset=\"https:\/\/www.mirabel-mielles.com\/wp-content\/uploads\/2026\/01\/projet-tourisme-durable-Ademe.png 643w, https:\/\/www.mirabel-mielles.com\/wp-content\/uploads\/2026\/01\/projet-tourisme-durable-Ademe-300x152.png 300w\" sizes=\"auto, (max-width: 643px) 100vw, 643px\" \/><\/figure>","protected":false},"excerpt":{"rendered":"<p>Camping \u00e9co-responsable \u00e0 Saint-Cast-le-Guildo \u00catre un campeur c\u2019est choisir de passer ses vacances en camping, en plein air, dans un [&hellip;]<\/p>\n","protected":false},"author":2,"featured_media":0,"parent":0,"menu_order":0,"comment_status":"closed","ping_status":"closed","template":"","meta":{"_seopress_robots_primary_cat":"","_seopress_titles_title":"Camping \u00e9co-responsable St-Cast-le-Guildo - tourisme durable","_seopress_titles_desc":"Gestion de l\u2019eau, remplacement du jetable par des produits durables, r\u00e9duction des d\u00e9chets\u2026 le camping de Saint-Cast s'engage pour respecter l'espace naturel.","_seopress_robots_index":"","footnotes":""},"class_list":["post-10591","page","type-page","status-publish","hentry"],"_links":{"self":[{"href":"https:\/\/www.mirabel-mielles.com\/nl\/wp-json\/wp\/v2\/pages\/10591","targetHints":{"allow":["GET"]}}],"collection":[{"href":"https:\/\/www.mirabel-mielles.com\/nl\/wp-json\/wp\/v2\/pages"}],"about":[{"href":"https:\/\/www.mirabel-mielles.com\/nl\/wp-json\/wp\/v2\/types\/page"}],"author":[{"embeddable":true,"href":"https:\/\/www.mirabel-mielles.com\/nl\/wp-json\/wp\/v2\/users\/2"}],"replies":[{"embeddable":true,"href":"https:\/\/www.mirabel-mielles.com\/nl\/wp-json\/wp\/v2\/comments?post=10591"}],"version-history":[{"count":11,"href":"https:\/\/www.mirabel-mielles.com\/nl\/wp-json\/wp\/v2\/pages\/10591\/revisions"}],"predecessor-version":[{"id":10667,"href":"https:\/\/www.mirabel-mielles.com\/nl\/wp-json\/wp\/v2\/pages\/10591\/revisions\/10667"}],"wp:attachment":[{"href":"https:\/\/www.mirabel-mielles.com\/nl\/wp-json\/wp\/v2\/media?parent=10591"}],"curies":[{"name":"wp","href":"https:\/\/api.w.org\/{rel}","templated":true}]}}