{"id":56,"date":"2021-12-10T14:21:02","date_gmt":"2021-12-10T13:21:02","guid":{"rendered":"https:\/\/www.campinglarenaudiere.com\/?page_id=56"},"modified":"2026-01-08T12:06:15","modified_gmt":"2026-01-08T11:06:15","slug":"huurprijzen-stacaravans","status":"publish","type":"page","link":"https:\/\/www.mirabel-mielles.com\/nl\/tarifs-locations-mobilhomes","title":{"rendered":"Stacaravans"},"content":{"rendered":"<h1 class=\"wp-block-heading\" id=\"location-de-mobil-home-au-camping-4-etoiles-en-loire-atlantique\">Verhuur van stacaravans in Saint-Cast-le-Guildo - C\u00f4tes d'Armor<\/h1>\n\n\n\n<p class=\"has-text-align-center\">Als je behoefte hebt om er een paar dagen of weken tussenuit te gaan met je geliefden, huur dan een van onze stacaravans voor je vakantie aan zee.<\/p>\n\n\n\n<div class=\"wp-block-media-text alignwide has-media-on-the-right is-stacked-on-mobile is-image-fill-element\"><div class=\"wp-block-media-text__content\">\n<h2 class=\"wp-block-heading\">Stacaravans op de 4-sterren camping in Bretagne<\/h2>\n\n\n\n<figure class=\"wp-block-image size-full\"><img loading=\"lazy\" decoding=\"async\" width=\"50\" height=\"8\" src=\"https:\/\/www.mirabel-mielles.com\/wp-content\/uploads\/2022\/09\/barre-bleue.png\" alt=\"\" class=\"wp-image-5969\"\/><\/figure>\n\n\n\n<p class=\"justify-content\">We kijken ernaar uit u te verwelkomen <strong>net als in je eigen huis<\/strong>, We rusten onze stacaravans uit met alles wat je nodig hebt om <strong>uw comfort<\/strong> en een geslaagde vakantie. <strong>Volledig ingerichte keuken<\/strong>, Televisie, terras met tuinmeubels. Van <strong>1 tot 3 slaapkamers<\/strong>, Je kunt je hele familie meebrengen of een vakantie delen met vrienden, voor maximaal 6 personen, in het comfort van je eigen huis. <strong>onze bungalows <\/strong>gemakken.<\/p>\n\n\n\n<p><\/p>\n\n\n\n<div class=\"wp-block-group has-border-color has-orange-border-color is-layout-flow wp-block-group-is-layout-flow\" style=\"border-width:1px;padding-top:var(--wp--preset--spacing--40);padding-right:var(--wp--preset--spacing--40);padding-bottom:var(--wp--preset--spacing--40);padding-left:var(--wp--preset--spacing--40)\">\n<p class=\"has-text-align-center texte-rond has-orange-color has-text-color has-large-font-size\">Kies je pakket en boek!<\/p>\n\n\n\n<ul class=\"wp-block-list\">\n<li><strong>Verblijf van een week<\/strong> - Kies je aankomstdag in de lente of tijdens de nazomer. In de zomer zijn de aankomst- en vertrekdagen op zaterdag en woensdag.<br><\/li>\n\n\n\n<li><strong>Uitstapjes<\/strong> Voor en na het seizoen, voor weekends of korte vakanties (2 nachten of meer). Sportievelingen, wandelaars of gezinnen op zoek naar een korte vakantie houden van dit concept. Boek je huuraccommodatie wanneer je maar wilt en ga er een paar dagen tussenuit op onze camping.<\/li>\n<\/ul>\n<\/div>\n<\/div><figure class=\"wp-block-media-text__media\"><img loading=\"lazy\" decoding=\"async\" width=\"683\" height=\"1024\" src=\"https:\/\/www.mirabel-mielles.com\/wp-content\/uploads\/2022\/10\/location-mobilhome-chambre-double-683x1024.jpg\" alt=\"\" class=\"wp-image-6888 size-full\" style=\"object-position:52% 71%\" srcset=\"https:\/\/www.mirabel-mielles.com\/wp-content\/uploads\/2022\/10\/location-mobilhome-chambre-double-683x1024.jpg 683w, https:\/\/www.mirabel-mielles.com\/wp-content\/uploads\/2022\/10\/location-mobilhome-chambre-double-200x300.jpg 200w, https:\/\/www.mirabel-mielles.com\/wp-content\/uploads\/2022\/10\/location-mobilhome-chambre-double-768x1152.jpg 768w, https:\/\/www.mirabel-mielles.com\/wp-content\/uploads\/2022\/10\/location-mobilhome-chambre-double.jpg 800w\" sizes=\"auto, (max-width: 683px) 100vw, 683px\" \/><\/figure><\/div>\n\n\n\n<div style=\"height:46px\" aria-hidden=\"true\" class=\"wp-block-spacer\"><\/div>\n\n\n\n<div class=\"wp-block-columns is-layout-flex wp-container-core-columns-is-layout-28f84493 wp-block-columns-is-layout-flex\">\n<div class=\"wp-block-column is-layout-flow wp-block-column-is-layout-flow\">\n<div class=\"wp-block-media-text alignwide is-stacked-on-mobile is-image-fill-element\"><figure class=\"wp-block-media-text__media\"><img loading=\"lazy\" decoding=\"async\" width=\"1024\" height=\"768\" src=\"https:\/\/www.mirabel-mielles.com\/wp-content\/uploads\/2022\/10\/mh-pmr-rampe-soleil-1024x768.jpg\" alt=\"\" class=\"wp-image-6871 size-full\" style=\"object-position:50% 50%\" srcset=\"https:\/\/www.mirabel-mielles.com\/wp-content\/uploads\/2022\/10\/mh-pmr-rampe-soleil-1024x768.jpg 1024w, https:\/\/www.mirabel-mielles.com\/wp-content\/uploads\/2022\/10\/mh-pmr-rampe-soleil-300x225.jpg 300w, https:\/\/www.mirabel-mielles.com\/wp-content\/uploads\/2022\/10\/mh-pmr-rampe-soleil-768x576.jpg 768w, https:\/\/www.mirabel-mielles.com\/wp-content\/uploads\/2022\/10\/mh-pmr-rampe-soleil-1536x1152.jpg 1536w, https:\/\/www.mirabel-mielles.com\/wp-content\/uploads\/2022\/10\/mh-pmr-rampe-soleil-2048x1536.jpg 2048w\" sizes=\"auto, (max-width: 1024px) 100vw, 1024px\" \/><\/figure><div class=\"wp-block-media-text__content\">\n<h2 class=\"wp-block-heading\">Onze ruime stacaravan met oprit<\/h2>\n\n\n\n<figure class=\"wp-block-image size-full\"><img loading=\"lazy\" decoding=\"async\" width=\"50\" height=\"8\" src=\"https:\/\/www.mirabel-mielles.com\/wp-content\/uploads\/2022\/09\/barre-bleue.png\" alt=\"\" class=\"wp-image-5969\"\/><\/figure>\n\n\n\n<p>Onze camping is <strong>toegankelijk voor mensen met beperkte mobiliteit<\/strong>. Onze PRM-stacaravan is volledig<strong> aangepast aan je rolstoel<\/strong>. Het is ook ideaal voor gezinnen met baby's. Dankzij de oprit kun je gemakkelijk met een rolstoel of kinderwagen bij je huuraccommodatie komen. A<strong> grote ingerichte badkamer<\/strong> en ruim voor je comfort. De kamer is ook zo ontworpen dat je je er gemakkelijk kunt verplaatsen of een babypakket kunt installeren. Het enige wat je hoeft te doen is genieten van je verblijf in 100 %!<\/p>\n\n\n\n<p><\/p>\n<\/div><\/div>\n\n\n\n<div style=\"height:30px\" aria-hidden=\"true\" class=\"wp-block-spacer\"><\/div>\n\n\n\n<h2 class=\"wp-block-heading\" id=\"gamme-superieure-de-l-espace-et-du-confort\">Huurprijzen voor 1 tot 3 slaapkamers<\/h2>\n\n\n\n<figure class=\"wp-block-image size-full\"><img decoding=\"async\" src=\"https:\/\/www.campinglarenaudiere.com\/wp-content\/uploads\/2022\/01\/barre-bleue.png\" alt=\"\" class=\"wp-image-2382\"\/><\/figure>\n\n\n\n<p><\/p>\n\n\n<div class=\"multiple-hebergements\">\r\n<article class=\"multiple-item clearfix\">\r\n<a href=\"https:\/\/www.mirabel-mielles.com\/nl\/hebergement\/mobil-home-1-chambre\">\r\n\t<div class=\"d-flex flex-column\">\r\n\t\t\r\n\t\t<div class=\"multiple-item-photo\">\r\n\t\t\t<img decoding=\"async\" src=\"https:\/\/www.mirabel-mielles.com\/wp-content\/uploads\/2022\/09\/locatif-mh-1chambre-768x1024.jpg\" alt=\"Stacaravan met 1 slaapkamer\">\r\n\t\t<\/div>\r\n\r\n\t\t<div class=\"multiple-item-titre\">\r\n\t\t\tStacaravan met 1 slaapkamer \r\n\r\n\t\t\t\t\t\t\t\t\t\t\t\t<\/div>\r\n\t\t\r\n\t\t<div class=\"multiple-item-desc\">\r\n\t\t\t\t\t\t\t\t\t\t\t<div class=\"multiple-item-nbchambres multiple-item-champ\">\r\n\t\t\t\t\t<span class=\"val\">1<\/span>&nbsp;\r\n\t\t\t\t\t<span class=\"lbl\">ch<\/span>\r\n\t\t\t\t<\/div>\r\n\t\t\t\r\n\t\t\t\t\t\t\t\t\t\t\t<div class=\"multiple-item-nbpersonnes multiple-item-champ\">\r\n\t\t\t\t\t<span class=\"val\">2\/3<\/span>&nbsp;\r\n\t\t\t\t\t<span class=\"lbl\"><i class=\"fas fa-male\"><\/i><\/span>\r\n\t\t\t\t<\/div>\r\n\t\t\t\r\n\t\t\t\t\t\t\t<div class=\"multiple-item-nbsdb multiple-item-champ\">\r\n\t\t\t\t\t<span class=\"val\">1<\/span>\r\n\t\t\t\t\t<span class=\"lbl\"><img decoding=\"async\" src=\"https:\/\/www.mirabel-mielles.com\/wp-content\/themes\/mielles\/assets\/img\/picto-sdb.png\"><\/span>\r\n\t\t\t\t<\/div>\r\n\t\t\t\r\n\r\n\r\n\t\t\t\r\n\t\t\t\r\n\r\n\t\t\t\t\t\t<div class=\"multiple-item-champ\">\r\n\t\t\t\t<span class=\"lbl\">Oppervlak<\/span>&nbsp;\r\n\t\t\t\t<span class=\"val\">20 m\u00b2<\/span>\r\n\t\t\t<\/div>\r\n\t\t\t\r\n\r\n\t\t\t\t\t<\/div>\r\n\r\n\r\n\t\t<button class=\"plus\">\r\n\t\t\tMeer lezen\t\t<\/button>\r\n\r\n\t<\/div>\r\n<\/a>\r\n<\/article>\r\n\r\n<article class=\"multiple-item clearfix\">\r\n<a href=\"https:\/\/www.mirabel-mielles.com\/nl\/hebergement\/mobil-home-2-chambres\">\r\n\t<div class=\"d-flex flex-column\">\r\n\t\t\r\n\t\t<div class=\"multiple-item-photo\">\r\n\t\t\t<img decoding=\"async\" src=\"https:\/\/www.mirabel-mielles.com\/wp-content\/uploads\/2022\/09\/mh-2chambres-1024x683.jpg\" alt=\"Stacaravan met 2 slaapkamers\">\r\n\t\t<\/div>\r\n\r\n\t\t<div class=\"multiple-item-titre\">\r\n\t\t\tStacaravan met 2 slaapkamers \r\n\r\n\t\t\t\t\t\t\t\t\t\t\t\t<\/div>\r\n\t\t\r\n\t\t<div class=\"multiple-item-desc\">\r\n\t\t\t\t\t\t\t\t\t\t\t<div class=\"multiple-item-nbchambres multiple-item-champ\">\r\n\t\t\t\t\t<span class=\"val\">2<\/span>&nbsp;\r\n\t\t\t\t\t<span class=\"lbl\">ch<\/span>\r\n\t\t\t\t<\/div>\r\n\t\t\t\r\n\t\t\t\t\t\t\t\t\t\t\t<div class=\"multiple-item-nbpersonnes multiple-item-champ\">\r\n\t\t\t\t\t<span class=\"val\">4\/5<\/span>&nbsp;\r\n\t\t\t\t\t<span class=\"lbl\"><i class=\"fas fa-male\"><\/i><\/span>\r\n\t\t\t\t<\/div>\r\n\t\t\t\r\n\t\t\t\t\t\t\t<div class=\"multiple-item-nbsdb multiple-item-champ\">\r\n\t\t\t\t\t<span class=\"val\">1<\/span>\r\n\t\t\t\t\t<span class=\"lbl\"><img decoding=\"async\" src=\"https:\/\/www.mirabel-mielles.com\/wp-content\/themes\/mielles\/assets\/img\/picto-sdb.png\"><\/span>\r\n\t\t\t\t<\/div>\r\n\t\t\t\r\n\r\n\r\n\t\t\t\r\n\t\t\t\r\n\r\n\t\t\t\t\t\t<div class=\"multiple-item-champ\">\r\n\t\t\t\t<span class=\"lbl\">Oppervlak<\/span>&nbsp;\r\n\t\t\t\t<span class=\"val\">29.5 m\u00b2<\/span>\r\n\t\t\t<\/div>\r\n\t\t\t\r\n\r\n\t\t\t\t\t<\/div>\r\n\r\n\r\n\t\t<button class=\"plus\">\r\n\t\t\tMeer lezen\t\t<\/button>\r\n\r\n\t<\/div>\r\n<\/a>\r\n<\/article>\r\n\r\n<article class=\"multiple-item clearfix\">\r\n<a href=\"https:\/\/www.mirabel-mielles.com\/nl\/hebergement\/mobil-home-pmr\">\r\n\t<div class=\"d-flex flex-column\">\r\n\t\t\r\n\t\t<div class=\"multiple-item-photo\">\r\n\t\t\t<img decoding=\"async\" src=\"https:\/\/www.mirabel-mielles.com\/wp-content\/uploads\/2022\/09\/mh-pmr-soleil-1024x768.jpg\" alt=\"Stacaravan met 2 slaapkamers en XXL-ruimte\">\r\n\t\t<\/div>\r\n\r\n\t\t<div class=\"multiple-item-titre\">\r\n\t\t\tStacaravan met 2 slaapkamers en XXL-ruimte \r\n\r\n\t\t\t\t\t\t\t\t\t\t\t\t<\/div>\r\n\t\t\r\n\t\t<div class=\"multiple-item-desc\">\r\n\t\t\t\t\t\t\t\t\t\t\t<div class=\"multiple-item-nbchambres multiple-item-champ\">\r\n\t\t\t\t\t<span class=\"val\">2<\/span>&nbsp;\r\n\t\t\t\t\t<span class=\"lbl\">ch<\/span>\r\n\t\t\t\t<\/div>\r\n\t\t\t\r\n\t\t\t\t\t\t\t\t\t\t\t<div class=\"multiple-item-nbpersonnes multiple-item-champ\">\r\n\t\t\t\t\t<span class=\"val\">4<\/span>&nbsp;\r\n\t\t\t\t\t<span class=\"lbl\"><i class=\"fas fa-male\"><\/i><\/span>\r\n\t\t\t\t<\/div>\r\n\t\t\t\r\n\t\t\t\t\t\t\t<div class=\"multiple-item-nbsdb multiple-item-champ\">\r\n\t\t\t\t\t<span class=\"val\">1<\/span>\r\n\t\t\t\t\t<span class=\"lbl\"><img decoding=\"async\" src=\"https:\/\/www.mirabel-mielles.com\/wp-content\/themes\/mielles\/assets\/img\/picto-sdb.png\"><\/span>\r\n\t\t\t\t<\/div>\r\n\t\t\t\r\n\r\n\r\n\t\t\t\r\n\t\t\t\r\n\r\n\t\t\t\t\t\t<div class=\"multiple-item-champ\">\r\n\t\t\t\t<span class=\"lbl\">Oppervlak<\/span>&nbsp;\r\n\t\t\t\t<span class=\"val\">29 m\u00b2<\/span>\r\n\t\t\t<\/div>\r\n\t\t\t\r\n\r\n\t\t\t\t\t\t\t<div class=\"multiple-item-champ multiple-item-pmr\"><i class=\"fa fa-wheelchair\" aria-hidden=\"true\"><\/i><\/div>\r\n\t\t\t\t\t<\/div>\r\n\r\n\r\n\t\t<button class=\"plus\">\r\n\t\t\tMeer lezen\t\t<\/button>\r\n\r\n\t<\/div>\r\n<\/a>\r\n<\/article>\r\n\r\n<article class=\"multiple-item clearfix\">\r\n<a href=\"https:\/\/www.mirabel-mielles.com\/nl\/hebergement\/mobil-home-3-chambres\">\r\n\t<div class=\"d-flex flex-column\">\r\n\t\t\r\n\t\t<div class=\"multiple-item-photo\">\r\n\t\t\t<img decoding=\"async\" src=\"https:\/\/www.mirabel-mielles.com\/wp-content\/uploads\/2022\/09\/locatif-mh-3chambres-768x1024.jpg\" alt=\"Stacaravan met 3 slaapkamers\">\r\n\t\t<\/div>\r\n\r\n\t\t<div class=\"multiple-item-titre\">\r\n\t\t\tStacaravan met 3 slaapkamers \r\n\r\n\t\t\t\t\t\t\t\t\t\t\t\t<\/div>\r\n\t\t\r\n\t\t<div class=\"multiple-item-desc\">\r\n\t\t\t\t\t\t\t\t\t\t\t<div class=\"multiple-item-nbchambres multiple-item-champ\">\r\n\t\t\t\t\t<span class=\"val\">3<\/span>&nbsp;\r\n\t\t\t\t\t<span class=\"lbl\">ch<\/span>\r\n\t\t\t\t<\/div>\r\n\t\t\t\r\n\t\t\t\t\t\t\t\t\t\t\t<div class=\"multiple-item-nbpersonnes multiple-item-champ\">\r\n\t\t\t\t\t<span class=\"val\">6<\/span>&nbsp;\r\n\t\t\t\t\t<span class=\"lbl\"><i class=\"fas fa-male\"><\/i><\/span>\r\n\t\t\t\t<\/div>\r\n\t\t\t\r\n\t\t\t\t\t\t\t<div class=\"multiple-item-nbsdb multiple-item-champ\">\r\n\t\t\t\t\t<span class=\"val\">1<\/span>\r\n\t\t\t\t\t<span class=\"lbl\"><img decoding=\"async\" src=\"https:\/\/www.mirabel-mielles.com\/wp-content\/themes\/mielles\/assets\/img\/picto-sdb.png\"><\/span>\r\n\t\t\t\t<\/div>\r\n\t\t\t\r\n\r\n\r\n\t\t\t\r\n\t\t\t\r\n\r\n\t\t\t\t\t\t<div class=\"multiple-item-champ\">\r\n\t\t\t\t<span class=\"lbl\">Oppervlak<\/span>&nbsp;\r\n\t\t\t\t<span class=\"val\">32 m\u00b2<\/span>\r\n\t\t\t<\/div>\r\n\t\t\t\r\n\r\n\t\t\t\t\t<\/div>\r\n\r\n\r\n\t\t<button class=\"plus\">\r\n\t\t\tMeer lezen\t\t<\/button>\r\n\r\n\t<\/div>\r\n<\/a>\r\n<\/article>\r\n<\/div>\n<\/div>\n<\/div>\n\n\n\n<div class=\"wp-block-columns is-layout-flex wp-container-core-columns-is-layout-28f84493 wp-block-columns-is-layout-flex\">\n<div class=\"wp-block-column has-white-color has-text-color is-layout-flow wp-block-column-is-layout-flow\" id=\"options\">\n<div class=\"wp-block-group card h-100 pl-4 pr-4 pt-4 rounded-lg border border-info is-layout-flow wp-block-group-is-layout-flow\">\n<p class=\"has-text-align-left has-turquoise-color has-text-color has-medium-font-size\"><img decoding=\"async\" class=\"wp-image-1933\" style=\"width: 50px;\" src=\"https:\/\/www.campinglarenaudiere.com\/wp-content\/uploads\/2021\/12\/etoile.png\" alt=\"ster\">   &nbsp;      <strong>OPTIONEEL<\/strong><\/p>\n\n\n\n<figure class=\"wp-block-table text-left table-tarifs\"><table class=\"has-turquoise-color has-text-color\"><tbody><tr><td><mark style=\"background-color:rgba(0, 0, 0, 0)\" class=\"has-inline-color has-orange-color\"><strong><mark style=\"background-color:rgba(0, 0, 0, 0)\" class=\"has-inline-color has-orange-color\">\u2022<\/mark> <\/strong> <\/mark><strong>Verhuur van platen<\/strong>s<\/td><td class=\"has-text-align-left\" data-align=\"left\"><strong>12\u20ac\/15\u20ac<\/strong>                 <\/td><\/tr><tr><td><strong> <span class=\"has-inline-color has-orange-color\">\u2022<\/span> <\/strong> <strong>Babykit huren<br><\/strong><em>(Kinderbed en -stoel) <\/em><\/td><td class=\"has-text-align-left\" data-align=\"left\"><strong>3\/dag<\/strong><\/td><\/tr><tr><td><strong> <mark style=\"background-color:rgba(0, 0, 0, 0)\" class=\"has-inline-color has-orange-color\">\u2022<\/mark> <\/strong> <strong>WIFI<\/strong><br><em>(per uur of vaste prijs)<\/em><\/td><td class=\"has-text-align-left\" data-align=\"left\"><strong>5\u20ac \/ 39\u20ac <\/strong><\/td><\/tr><tr><td><strong> <mark style=\"background-color:rgba(0, 0, 0, 0)\" class=\"has-inline-color has-orange-color\">\u2022<\/mark> <\/strong> <strong>Wasserij <br><\/strong><em>(Wasmachine \u20ac5, was \u20ac1, <\/em><br><em>droger \u20ac 4,00)<\/em><\/td><td class=\"has-text-align-left\" data-align=\"left\"><strong>1\u20ac \/ 5\u20ac <\/strong><\/td><\/tr><tr><td><strong> <mark style=\"background-color:rgba(0, 0, 0, 0)\" class=\"has-inline-color has-orange-color\">\u2022<\/mark> <\/strong> <strong>Huisdieren toegestaan  <em><br><\/em><\/strong><em>(katten en honden, met uitzondering van kat 1 en 2.), <\/em><br><em>maximaal 2 per plaats)<\/em> <\/td><td class=\"has-text-align-left\" data-align=\"left\"><strong>3\/nacht <\/strong><\/td><\/tr><\/tbody><\/table><\/figure>\n<\/div>\n<\/div>\n\n\n\n<div class=\"wp-block-column is-vertically-aligned-top has-orange-color has-white-color has-text-color is-layout-flow wp-block-column-is-layout-flow\">\n<div class=\"wp-block-cover aligncenter card h-100 pl-4 pr-4 pt-4 rounded-lg border border-info\"><img decoding=\"async\" class=\"wp-block-cover__image-background wp-image-1376\" alt=\"\" src=\"https:\/\/www.campinglarenaudiere.com\/wp-content\/uploads\/2022\/01\/services-camping-Pornic.jpg\" style=\"object-position:61% 50%\" data-object-fit=\"cover\" data-object-position=\"61% 50%\"\/><span aria-hidden=\"true\" class=\"wp-block-cover__background has-turquoise-background-color has-background-dim-80 has-background-dim\"><\/span><div class=\"wp-block-cover__inner-container is-layout-flow wp-block-cover-is-layout-flow\">\n<p class=\"has-medium-font-size\"><img decoding=\"async\" class=\"wp-image-1977\" style=\"width: 70px;\" src=\"https:\/\/www.campinglarenaudiere.com\/wp-content\/uploads\/2021\/12\/smile-blanc.png\" alt=\"\">    &nbsp;  <strong>PRAKTIJK<\/strong><\/p>\n\n\n\n<div style=\"height:18px\" aria-hidden=\"true\" class=\"wp-block-spacer\"><\/div>\n\n\n\n<p class=\"wp-block-sev-picto-text\"><i class=\"fa fa-calendar-alt\"><\/i><span>Reserveringen voor minimaal 2 nachten in het laagseizoen, en minimaal 7 nachten in juli en augustus, met aankomst en vertrek mogelijk op woensdag of zaterdag.<\/span><\/p>\n\n\n\n<p class=\"wp-block-sev-picto-text\"><i class=\"fa fa-clock\"><\/i><span>Aankomst vanaf 15.00 uur en vertrek tot 10.00 uur<\/span><\/p>\n\n\n\n<p class=\"wp-block-sev-picto-text\"><i class=\"fa fa-tv\"><\/i><span>TV in alle stacaravans<\/span><\/p>\n\n\n\n<p class=\"wp-block-sev-picto-text\"><i class=\"fas fa-wifi\"><\/i><span>Gratis wifi<\/span><\/p>\n\n\n\n<div style=\"height:32px\" aria-hidden=\"true\" class=\"wp-block-spacer\"><\/div>\n\n\n\n<p class=\"has-text-align-center\"><strong>Rooster receptie <\/strong> <br><img decoding=\"async\" class=\"wp-image-4325\" style=\"width: 49px;\" src=\"https:\/\/www.campinglarenaudiere.com\/wp-content\/uploads\/2021\/12\/barre-camping-1.png\" alt=\"\"> <\/p>\n\n\n\n<p class=\"has-text-align-center\">Laagseizoen: 9u tot 12u en 14u tot 18u<br><em>op zondag gesloten<\/em><br>Juli en augustus: 9u tot 12u en 14u tot 19u<br>Zondag van 9 tot 13 uur<br><\/p>\n\n\n\n<p><\/p>\n<\/div><\/div>\n<\/div>\n<\/div>\n\n\n\n<p><\/p>\n\n\n\n<p class=\"has-text-align-center texte-rond mt-5 has-large-font-size\">Ontdek de camping<\/p>\n\n\n\n<div class=\"wp-block-columns are-vertically-aligned-center h-20 front-page-section grey is-layout-flex wp-container-core-columns-is-layout-28f84493 wp-block-columns-is-layout-flex\">\n<div class=\"wp-block-column is-layout-flow wp-block-column-is-layout-flow\"><\/div>\n\n\n\n<div class=\"wp-block-column is-layout-flow wp-block-column-is-layout-flow\">\n<div class=\"wp-block-create-block-sevgutenberg-navigation\"><aside class=\"encart-sev-navigation small carre\"><a href=\"https:\/\/www.mirabel-mielles.com\/nl\/stacaravans-te-koop\/\" class=\"d-flex flex-column align-items-center\"><div class=\"encart-title\"><span>Word eigenaar<\/span><\/div><div class=\"vague\"><\/div><img decoding=\"async\" src=\"https:\/\/www.mirabel-mielles.com\/wp-content\/uploads\/2022\/09\/header-proprietaire-residence-secondaire.jpg\" alt=\"Eigenaar camping St Cast\"\/><div class=\"ligne\"><\/div><div class=\"hover\"><\/div><\/a><\/aside><\/div>\n<\/div>\n\n\n\n<div class=\"wp-block-column is-vertically-aligned-center is-layout-flow wp-block-column-is-layout-flow\">\n<div class=\"wp-block-create-block-sevgutenberg-navigation\"><aside class=\"encart-sev-navigation small carre\"><a href=\"https:\/\/www.mirabel-mielles.com\/nl\/camping-diensten\/\" class=\"d-flex flex-column align-items-center\"><div class=\"encart-title\"><span>Diensten<\/span><\/div><div class=\"vague\"><\/div><img decoding=\"async\" src=\"https:\/\/www.mirabel-mielles.com\/wp-content\/uploads\/2022\/09\/accueil-entree-mielles-mirabel-1.jpg\" alt=\"ontvangst op camping Mirabel\"\/><div class=\"ligne\"><\/div><div class=\"hover\"><\/div><\/a><\/aside><\/div>\n<\/div>\n\n\n\n<div class=\"wp-block-column is-vertically-aligned-center is-layout-flow wp-block-column-is-layout-flow\">\n<div class=\"wp-block-create-block-sevgutenberg-navigation\"><aside class=\"encart-sev-navigation small carre\"><a href=\"https:\/\/www.mirabel-mielles.com\/nl\/ervaringen\/\" class=\"d-flex flex-column align-items-center\"><div class=\"encart-title\"><span>Ervaringen<\/span><\/div><div class=\"vague\"><\/div><img decoding=\"async\" src=\"https:\/\/www.mirabel-mielles.com\/wp-content\/uploads\/2022\/09\/2-parapente-mer-pixabay.jpg\" alt=\"\"\/><div class=\"ligne\"><\/div><div class=\"hover\"><\/div><\/a><\/aside><\/div>\n<\/div>\n\n\n\n<div class=\"wp-block-column is-layout-flow wp-block-column-is-layout-flow\"><\/div>\n<\/div>","protected":false},"excerpt":{"rendered":"<p>Location de mobil-homes \u00e0 Saint-Cast-le-Guildo &#8211; C\u00f4tes d&rsquo;Armor Si vous ressentez le besoin de vous \u00e9vader quelques jours ou quelques [&hellip;]<\/p>\n","protected":false},"author":1,"featured_media":0,"parent":0,"menu_order":0,"comment_status":"closed","ping_status":"closed","template":"","meta":{"_seopress_robots_primary_cat":"","_seopress_titles_title":"Location mobil-home \u00e0 Saint Cast le Guildo %%sep%% C\u00f4tes d'Armor","_seopress_titles_desc":"Tarifs des bungalows de 1 \u00e0 3 chambres au camping avec piscine chauff\u00e9e \u00e0 Saint-Cast-Guildo. Vacances en bord de mer en Cote d'Armor, en Bretagne.","_seopress_robots_index":"","footnotes":""},"class_list":["post-56","page","type-page","status-publish","hentry"],"_links":{"self":[{"href":"https:\/\/www.mirabel-mielles.com\/nl\/wp-json\/wp\/v2\/pages\/56","targetHints":{"allow":["GET"]}}],"collection":[{"href":"https:\/\/www.mirabel-mielles.com\/nl\/wp-json\/wp\/v2\/pages"}],"about":[{"href":"https:\/\/www.mirabel-mielles.com\/nl\/wp-json\/wp\/v2\/types\/page"}],"author":[{"embeddable":true,"href":"https:\/\/www.mirabel-mielles.com\/nl\/wp-json\/wp\/v2\/users\/1"}],"replies":[{"embeddable":true,"href":"https:\/\/www.mirabel-mielles.com\/nl\/wp-json\/wp\/v2\/comments?post=56"}],"version-history":[{"count":52,"href":"https:\/\/www.mirabel-mielles.com\/nl\/wp-json\/wp\/v2\/pages\/56\/revisions"}],"predecessor-version":[{"id":10589,"href":"https:\/\/www.mirabel-mielles.com\/nl\/wp-json\/wp\/v2\/pages\/56\/revisions\/10589"}],"wp:attachment":[{"href":"https:\/\/www.mirabel-mielles.com\/nl\/wp-json\/wp\/v2\/media?parent=56"}],"curies":[{"name":"wp","href":"https:\/\/api.w.org\/{rel}","templated":true}]}}