{"id":63,"date":"2021-12-10T14:23:37","date_gmt":"2021-12-10T13:23:37","guid":{"rendered":"https:\/\/www.campinglarenaudiere.com\/?page_id=63"},"modified":"2024-06-24T12:14:05","modified_gmt":"2024-06-24T10:14:05","slug":"tweede-huis-bretagne","status":"publish","type":"page","link":"https:\/\/www.mirabel-mielles.com\/nl\/residence-secondaire-bretagne","title":{"rendered":"Je tweede huis"},"content":{"rendered":"<h1 class=\"wp-block-heading\" id=\"votre-residence-secondaire-a-deux-pas-de-pornic\">Je tweede huis in Saint-Cast-le-Guildo<\/h1>\n\n\n\n<div class=\"wp-block-group alignwide is-layout-flow wp-block-group-is-layout-flow\">\n<div class=\"wp-block-columns is-layout-flex wp-container-core-columns-is-layout-28f84493 wp-block-columns-is-layout-flex\">\n<div class=\"wp-block-column is-layout-flow wp-block-column-is-layout-flow\">\n<div class=\"wp-block-media-text alignfull has-media-on-the-right is-stacked-on-mobile is-vertically-aligned-center\"><div class=\"wp-block-media-text__content\">\n<h2 class=\"wp-block-heading\" id=\"locations-de-parcelles-a-l-annee-au-camping-la-renaudiere-44\">Huur uw standplaats het hele jaar door op Camping Les Mielles in Bretagne (22)<\/h2>\n\n\n\n<figure class=\"wp-block-image size-full\"><img decoding=\"async\" src=\"https:\/\/www.campinglarenaudiere.com\/wp-content\/uploads\/2022\/01\/barre-bleue.png\" alt=\"\" class=\"wp-image-2382\"\/><\/figure>\n\n\n\n<p><strong>Kiezen om een tweede huis te kopen in Les Mielles<\/strong>, Je hebt een tweede thuis om samen met je geliefden te ontspannen. Je stacaravan is ingericht naar jouw smaak en staat tot je beschikking tijdens de hele openingsperiode van de camping, van 15 maart tot 15 november.<\/p>\n\n\n\n<figure class=\"wp-block-image alignleft size-full is-resized\"><img loading=\"lazy\" decoding=\"async\" src=\"https:\/\/www.campinglarenaudiere.com\/wp-content\/uploads\/2022\/01\/Panneau-vectoriel-original.png\" alt=\"welkom in uw huis!\" class=\"wp-image-1748\" width=\"150\" height=\"134\"\/><\/figure>\n\n\n\n<p class=\"has-text-align-left texte-rond has-orange-color has-text-color has-large-font-size\"><br>Word eigenaar van je stacaravan en deel het beste!<\/p>\n<\/div><figure class=\"wp-block-media-text__media\"><img loading=\"lazy\" decoding=\"async\" width=\"1024\" height=\"683\" src=\"https:\/\/www.mirabel-mielles.com\/wp-content\/uploads\/2022\/09\/1_residence-parcelle-mobilhome-1024x683.jpg\" alt=\"eigenaar worden van uw stacaravan\" class=\"wp-image-6213 size-full\" srcset=\"https:\/\/www.mirabel-mielles.com\/wp-content\/uploads\/2022\/09\/1_residence-parcelle-mobilhome-1024x683.jpg 1024w, https:\/\/www.mirabel-mielles.com\/wp-content\/uploads\/2022\/09\/1_residence-parcelle-mobilhome-300x200.jpg 300w, https:\/\/www.mirabel-mielles.com\/wp-content\/uploads\/2022\/09\/1_residence-parcelle-mobilhome-768x512.jpg 768w, https:\/\/www.mirabel-mielles.com\/wp-content\/uploads\/2022\/09\/1_residence-parcelle-mobilhome.jpg 1200w\" sizes=\"auto, (max-width: 1024px) 100vw, 1024px\" \/><\/figure><\/div>\n<\/div>\n<\/div>\n\n\n\n<div class=\"wp-block-media-text alignwide is-stacked-on-mobile\"><figure class=\"wp-block-media-text__media\"><img loading=\"lazy\" decoding=\"async\" width=\"1024\" height=\"683\" src=\"https:\/\/www.mirabel-mielles.com\/wp-content\/uploads\/2022\/10\/proprietaire-mobil-home-maison-secondaire-1024x683.jpg\" alt=\"tweede huis op een camping in Bretagne\" class=\"wp-image-6738 size-full\" srcset=\"https:\/\/www.mirabel-mielles.com\/wp-content\/uploads\/2022\/10\/proprietaire-mobil-home-maison-secondaire-1024x683.jpg 1024w, https:\/\/www.mirabel-mielles.com\/wp-content\/uploads\/2022\/10\/proprietaire-mobil-home-maison-secondaire-300x200.jpg 300w, https:\/\/www.mirabel-mielles.com\/wp-content\/uploads\/2022\/10\/proprietaire-mobil-home-maison-secondaire-768x512.jpg 768w, https:\/\/www.mirabel-mielles.com\/wp-content\/uploads\/2022\/10\/proprietaire-mobil-home-maison-secondaire.jpg 1200w\" sizes=\"auto, (max-width: 1024px) 100vw, 1024px\" \/><\/figure><div class=\"wp-block-media-text__content\">\n<div style=\"height:5px\" aria-hidden=\"true\" class=\"wp-block-spacer\"><\/div>\n\n\n\n<div class=\"wp-block-group card card-body border border-info h-100 has-turquoise-color has-text-color is-layout-flow wp-block-group-is-layout-flow\">\n<p class=\"has-text-align-center\"><strong>Waarom kiezen voor een tweede huis op een camping?<\/strong><br>Want het betekent vooral meer diensten en minder beperkingen, zoals :<br> <img decoding=\"async\" class=\"wp-image-2357\" style=\"width: 50px;\" src=\"https:\/\/www.campinglarenaudiere.com\/wp-content\/uploads\/2022\/01\/barre-orange.png\" alt=\"\"> <\/p>\n\n\n\n<p><strong><mark style=\"background-color:rgba(0, 0, 0, 0)\" class=\"has-inline-color has-orange-color\">\u2022<\/mark><\/strong> Een pied \u00e0 terre in een ideale omgeving dicht bij de zee<\/p>\n\n\n\n<p><strong><mark style=\"background-color:rgba(0, 0, 0, 0)\" class=\"has-inline-color has-orange-color\">\u2022<\/mark><\/strong> Een tweede huis voor een aantrekkelijke prijs<\/p>\n\n\n\n<p><strong><mark style=\"background-color:rgba(0, 0, 0, 0)\" class=\"has-inline-color has-orange-color\">\u2022<\/mark><\/strong> Toegang tot alle diensten van de camping (zwembad, animatie, sportfaciliteiten, enz.)<\/p>\n\n\n\n<p><strong><mark style=\"background-color:rgba(0, 0, 0, 0)\" class=\"has-inline-color has-orange-color\">\u2022<\/mark><\/strong> Een vrijetijdsinvestering: verhuur uw stacaravan als u er niet bent<\/p>\n\n\n\n<p><strong><mark style=\"background-color:rgba(0, 0, 0, 0)\" class=\"has-inline-color has-orange-color\">\u2022<\/mark><\/strong> Vrijstelling van onroerendgoedbelasting: stacaravans worden beschouwd als roerende goederen (en niet als onroerende goederen zoals een huis).<\/p>\n<\/div>\n<\/div><\/div>\n\n\n\n<div style=\"height:15px\" aria-hidden=\"true\" class=\"wp-block-spacer\"><\/div>\n\n\n\n<div class=\"wp-block-media-text alignwide has-media-on-the-right is-stacked-on-mobile front-page-section grey animate\"><div class=\"wp-block-media-text__content\">\n<h2 class=\"wp-block-heading\" id=\"comment-choisir-son-mobil-home\">Welke criteria moet je kiezen voor je stacaravan?<\/h2>\n\n\n\n<figure class=\"wp-block-image size-full\"><img decoding=\"async\" src=\"https:\/\/www.campinglarenaudiere.com\/wp-content\/uploads\/2022\/01\/barre-bleue.png\" alt=\"\" class=\"wp-image-2382\"\/><\/figure>\n\n\n\n<p>Er zijn geen vastomlijnde criteria voor je tweede huis, behalve dat het moet aanvoelen als thuis! Het is dus belangrijk om\u2019<strong>stel uw behoeften vast <\/strong>voordat je je bestelling plaatst bij de fabrikant van je keuze.<br>We werken met <strong>verschillende grote merken<\/strong> kwaliteit en vertrouwen: Rapidhome, IRM, Rideau, O'hara, Nautilhome, ...<br>Elke stacaravan kan naar wens worden aangepast: 1 tot 3 slaapkamers, 1 tot 2 badkamers, halfopen of overdekt terras, kleedkamer, tuinhuisje, enz.<\/p>\n\n\n\n<p>Kies je perceel, van 140m2 tot 200m2, en ons team begeleidt je door de rest van het proces. We zorgen ook voor ontvangst, plaatsing, aansluiting en montage.<\/p>\n\n\n\n<p><strong>Wat je moet weten:<\/strong> je bent eigenaar van de stacaravan en je huurt je staanplaats. De huur wordt verlengd <strong>om de twee jaar<\/strong>.<\/p>\n<\/div><figure class=\"wp-block-media-text__media\"><img loading=\"lazy\" decoding=\"async\" width=\"1024\" height=\"684\" src=\"https:\/\/www.mirabel-mielles.com\/wp-content\/uploads\/2022\/09\/3_vente-mobil-home-louisiane-taos-3-1024x684.jpg\" alt=\"een stacaravan kopen in Bretagne\" class=\"wp-image-6215 size-full\" srcset=\"https:\/\/www.mirabel-mielles.com\/wp-content\/uploads\/2022\/09\/3_vente-mobil-home-louisiane-taos-3-1024x684.jpg 1024w, https:\/\/www.mirabel-mielles.com\/wp-content\/uploads\/2022\/09\/3_vente-mobil-home-louisiane-taos-3-300x200.jpg 300w, https:\/\/www.mirabel-mielles.com\/wp-content\/uploads\/2022\/09\/3_vente-mobil-home-louisiane-taos-3-768x513.jpg 768w, https:\/\/www.mirabel-mielles.com\/wp-content\/uploads\/2022\/09\/3_vente-mobil-home-louisiane-taos-3.jpg 1200w\" sizes=\"auto, (max-width: 1024px) 100vw, 1024px\" \/><\/figure><\/div>\n\n\n\n<p class=\"has-text-align-center texte-rond has-orange-color has-text-color has-huge-font-size\">  - Advertenties -  <\/p>\n\n\n\n<div class=\"wp-block-columns is-layout-flex wp-container-core-columns-is-layout-28f84493 wp-block-columns-is-layout-flex\">\n<div class=\"wp-block-column mt-2 mb-2 ml-md-5 mr-md-5 ml-0 mr-0 is-layout-flow wp-block-column-is-layout-flow\">\n<div class=\"wp-block-group card h-100 is-layout-flow wp-block-group-is-layout-flow\">\n<figure class=\"wp-block-image size-full card-img-top\"><a href=\"https:\/\/www.mirabel-mielles.com\/nl\/stacaravans-te-koop\/#neuf\"><img decoding=\"async\" src=\"https:\/\/www.campinglarenaudiere.com\/wp-content\/uploads\/2022\/01\/Mobil-home-Confort-Plus-1-chambre-lit-dappoint-2.jpg\" alt=\"nieuwe stacaravan\" class=\"wp-image-2887\"\/><\/a><\/figure>\n\n\n\n<p class=\"has-text-align-center card-title has-orange-color has-text-color\" style=\"font-size:24px\"><strong>Nieuwe stacaravans<\/strong><\/p>\n\n\n\n<div class=\"wp-block-buttons is-horizontal is-content-justification-center is-layout-flex wp-container-core-buttons-is-layout-03627597 wp-block-buttons-is-layout-flex\">\n<div class=\"wp-block-button\"><a class=\"wp-block-button__link has-white-color has-orange-background-color has-text-color has-background wp-element-button\" href=\"https:\/\/www.mirabel-mielles.com\/nl\/stacaravans-te-koop\/#neuf\" style=\"border-radius:30px\">Lees meer<\/a><\/div>\n<\/div>\n\n\n\n<div style=\"height:10px\" aria-hidden=\"true\" class=\"wp-block-spacer\"><\/div>\n<\/div>\n<\/div>\n\n\n\n<div class=\"wp-block-column mt-2 mb-2 ml-5 mr-md-5 mr-0 is-layout-flow wp-block-column-is-layout-flow\">\n<div class=\"wp-block-group card h-100 is-layout-flow wp-block-group-is-layout-flow\">\n<figure class=\"wp-block-image size-full card-img-top\"><a href=\"https:\/\/www.mirabel-mielles.com\/nl\/stacaravans-te-koop\/#occasion\"><img decoding=\"async\" src=\"https:\/\/www.campinglarenaudiere.com\/wp-content\/uploads\/2022\/01\/Mobil-home-Confort-Plus-2-chambres-1-lit-dappoint-1.jpg\" alt=\"tweedehands stacaravan\" class=\"wp-image-2885\"\/><\/a><\/figure>\n\n\n\n<p class=\"has-text-align-center card-title has-orange-color has-text-color\" style=\"font-size:24px\"><strong>Tweedehands stacaravans<\/strong><\/p>\n\n\n\n<div class=\"wp-block-buttons is-horizontal is-content-justification-center is-layout-flex wp-container-core-buttons-is-layout-03627597 wp-block-buttons-is-layout-flex\">\n<div class=\"wp-block-button\"><a class=\"wp-block-button__link has-white-color has-orange-background-color has-text-color has-background wp-element-button\" href=\"https:\/\/www.mirabel-mielles.com\/nl\/stacaravans-te-koop\/#occasion\" style=\"border-radius:50px\">Lees meer<\/a><\/div>\n<\/div>\n\n\n\n<div style=\"height:10px\" aria-hidden=\"true\" class=\"wp-block-spacer\"><\/div>\n<\/div>\n<\/div>\n<\/div>\n<\/div>\n\n\n\n<div class=\"wp-block-cover alignfull is-light has-parallax h-50\"><span aria-hidden=\"true\" class=\"wp-block-cover__background has-orange-background-color has-background-dim-80 has-background-dim\"><\/span><div role=\"img\" class=\"wp-block-cover__image-background wp-image-2862 has-parallax\" style=\"background-position:50% 50%;background-image:url(https:\/\/www.campinglarenaudiere.com\/wp-content\/uploads\/2022\/01\/HEADER-page-Mobil-home.jpg)\"><\/div><div class=\"wp-block-cover__inner-container is-layout-flow wp-block-cover-is-layout-flow\">\n<p class=\"has-text-align-center has-white-color has-text-color has-medium-font-size\"><strong> Sabrina neemt je mee op ontdekkingstocht over de camping en het expositiedorp.<br>Aan jou om de ideale locatie te kiezen voor je toekomstige stacaravan! <\/strong><\/p>\n\n\n\n<div class=\"wp-block-buttons is-horizontal is-content-justification-center is-layout-flex wp-container-core-buttons-is-layout-03627597 wp-block-buttons-is-layout-flex\">\n<div class=\"wp-block-button aligncenter has-custom-font-size has-medium-font-size\"><a class=\"wp-block-button__link has-orange-color has-white-background-color has-text-color has-background wp-element-button\"><i class=\"fa fa-phone-alt\"><\/i> 02 96 41 87 60<\/a><\/div>\n<\/div>\n\n\n\n<div style=\"height:53px\" aria-hidden=\"true\" class=\"wp-block-spacer\"><\/div>\n\n\n\n<p class=\"has-text-align-center has-white-color has-text-color has-medium-font-size\"><strong>Delphine kan je helpen met de aankoop van je nieuwe stacaravan. Maak nu een afspraak.<\/strong><\/p>\n\n\n\n<div class=\"wp-block-buttons is-layout-flex wp-block-buttons-is-layout-flex\">\n<div class=\"wp-block-button aligncenter has-custom-font-size has-medium-font-size\"><a class=\"wp-block-button__link has-orange-color has-white-background-color has-text-color has-background wp-element-button\"><i class=\"fa fa-phone-alt\"> <\/i> 07 88 74 48 18<\/a><\/div>\n<\/div>\n\n\n\n<div style=\"height:63px\" aria-hidden=\"true\" class=\"wp-block-spacer\"><\/div>\n\n\n\n<p class=\"has-text-align-center texte-rond has-white-color has-text-color has-huge-font-size\">Neem vandaag nog contact met ons op om je project te bespreken en je droom waar te maken!<\/p>\n\n\n\n<div style=\"height:20px\" aria-hidden=\"true\" class=\"wp-block-spacer\"><\/div>\n<\/div><\/div>\n\n\n\n<div style=\"height:60px\" aria-hidden=\"true\" class=\"wp-block-spacer\"><\/div>\n\n\n\n<figure class=\"wp-block-image aligncenter size-full\"><img loading=\"lazy\" decoding=\"async\" width=\"1024\" height=\"84\" src=\"https:\/\/www.mirabel-mielles.com\/wp-content\/uploads\/2022\/09\/photo-1024x84-1.png\" alt=\"\" class=\"wp-image-6139\" srcset=\"https:\/\/www.mirabel-mielles.com\/wp-content\/uploads\/2022\/09\/photo-1024x84-1.png 1024w, https:\/\/www.mirabel-mielles.com\/wp-content\/uploads\/2022\/09\/photo-1024x84-1-300x25.png 300w, https:\/\/www.mirabel-mielles.com\/wp-content\/uploads\/2022\/09\/photo-1024x84-1-768x63.png 768w\" sizes=\"auto, (max-width: 1024px) 100vw, 1024px\" \/><\/figure>\n\n\n\t\t\t<div id=\"sevgallery-2039214890\" class=\"sev-diaporama sev-diaporama-portfolio\">\r\n\t\t\t\t<div class=\"row\">\r\n\r\n\t\t\t\t\t\r\n\t\t\t\t\t\t\r\n\t\t\t\t\t\t<div class=\"sev-diaporama-portfolio-item   btnseeall btnseeall-xl col-12 col-md  col-shrink\">\r\n\t\t\t\t\t\t\t<a href=\"https:\/\/www.mirabel-mielles.com\/wp-content\/uploads\/2022\/10\/proprietaire-mobilhome-resident-1024x683.jpg\" data-lightbox=\"sevgallery-2039214890\" style=\"background-image: url(https:\/\/www.mirabel-mielles.com\/wp-content\/uploads\/2022\/10\/proprietaire-mobilhome-resident-1024x683.jpg)\">\r\n\t\t\t\t\t\t\t\t<img decoding=\"async\" src=\"https:\/\/www.mirabel-mielles.com\/wp-content\/uploads\/2022\/10\/proprietaire-mobilhome-resident-1024x683.jpg\" alt=\"je tweede huis in Bretagne\" loading=\"lazy\">\r\n\t\t\t\t\t\t\t\t\t\t\t\t\t\t\t<\/a>\r\n\t\t\t\t\t\t<\/div>\r\n\r\n\t\t\t\t\t\t\r\n\t\t\t\t\t\t\t\t\t\t\t\t\t\t\t\t\t\r\n\t\t\t\t\t\t\r\n\t\t\t\t\t\t<div class=\"sev-diaporama-portfolio-item   btnseeall btnseeall-xl col-12 col-md  col-grow\">\r\n\t\t\t\t\t\t\t<a href=\"https:\/\/www.mirabel-mielles.com\/wp-content\/uploads\/2022\/10\/resident-amis-apero-1024x683.jpg\" data-lightbox=\"sevgallery-2039214890\" style=\"background-image: url(https:\/\/www.mirabel-mielles.com\/wp-content\/uploads\/2022\/10\/resident-amis-apero-1024x683.jpg)\">\r\n\t\t\t\t\t\t\t\t<img decoding=\"async\" src=\"https:\/\/www.mirabel-mielles.com\/wp-content\/uploads\/2022\/10\/resident-amis-apero-1024x683.jpg\" alt=\"een stacaravan kopen\" loading=\"lazy\">\r\n\t\t\t\t\t\t\t\t\t\t\t\t\t\t\t<\/a>\r\n\t\t\t\t\t\t<\/div>\r\n\r\n\t\t\t\t\t\t\r\n\t\t\t\t\t\t\t\t\t\t\t\t\t\t\t\t\t\r\n\t\t\t\t\t\t\r\n\t\t\t\t\t\t<div class=\"sev-diaporama-portfolio-item   btnseeall btnseeall-xl col-12 col-md\">\r\n\t\t\t\t\t\t\t<a href=\"https:\/\/www.mirabel-mielles.com\/wp-content\/uploads\/2022\/10\/residentiel-parcelle-mobilhome-1024x683.jpg\" data-lightbox=\"sevgallery-2039214890\" style=\"background-image: url(https:\/\/www.mirabel-mielles.com\/wp-content\/uploads\/2022\/10\/residentiel-parcelle-mobilhome-1024x683.jpg)\">\r\n\t\t\t\t\t\t\t\t<img decoding=\"async\" src=\"https:\/\/www.mirabel-mielles.com\/wp-content\/uploads\/2022\/10\/residentiel-parcelle-mobilhome-1024x683.jpg\" alt=\"eigenaar worden van uw stacaravan\" loading=\"lazy\">\r\n\t\t\t\t\t\t\t\t\t\t\t\t\t\t\t<\/a>\r\n\t\t\t\t\t\t<\/div>\r\n\r\n\t\t\t\t\t\t\r\n\t\t\t\t\t\t\t\t\t\t\t\t\t\t\t\t\t\r\n\t\t\t\t\t\t\r\n\t\t\t\t\t\t<div class=\"sev-diaporama-portfolio-item   btnseeall btnseeall-xl col-12 col-md\">\r\n\t\t\t\t\t\t\t<a href=\"https:\/\/www.mirabel-mielles.com\/wp-content\/uploads\/2022\/10\/resident-jeux-palet-1024x683.jpg\" data-lightbox=\"sevgallery-2039214890\" style=\"background-image: url(https:\/\/www.mirabel-mielles.com\/wp-content\/uploads\/2022\/10\/resident-jeux-palet-1024x683.jpg)\">\r\n\t\t\t\t\t\t\t\t<img decoding=\"async\" src=\"https:\/\/www.mirabel-mielles.com\/wp-content\/uploads\/2022\/10\/resident-jeux-palet-1024x683.jpg\" alt=\"achat stacaravan camping Bretagne\" loading=\"lazy\">\r\n\t\t\t\t\t\t\t\t\t\t\t\t\t\t\t<\/a>\r\n\t\t\t\t\t\t<\/div>\r\n\r\n\t\t\t\t\t\t\t\t\t\t\t\t\t<div class=\"w-100\"><\/div>\r\n\t\t\t\t\t\t\t\t\t\t\t\t\t\r\n\t\t\t\t\t\t\t\t\t\t\t\t\t\t\t\t\t\r\n\t\t\t\t\t\t\r\n\t\t\t\t\t\t<div class=\"sev-diaporama-portfolio-item   btnseeall btnseeall-xl col-12 col-md  col-shrink\">\r\n\t\t\t\t\t\t\t<a href=\"https:\/\/www.mirabel-mielles.com\/wp-content\/uploads\/2022\/10\/residents-discussion-amis-mobilhome-1024x683.jpg\" data-lightbox=\"sevgallery-2039214890\" style=\"background-image: url(https:\/\/www.mirabel-mielles.com\/wp-content\/uploads\/2022\/10\/residents-discussion-amis-mobilhome-1024x683.jpg)\">\r\n\t\t\t\t\t\t\t\t<img decoding=\"async\" src=\"https:\/\/www.mirabel-mielles.com\/wp-content\/uploads\/2022\/10\/residents-discussion-amis-mobilhome-1024x683.jpg\" alt=\"achat stacaravan camping Bretagne\" loading=\"lazy\">\r\n\t\t\t\t\t\t\t\t\t\t\t\t\t\t\t<\/a>\r\n\t\t\t\t\t\t<\/div>\r\n\r\n\t\t\t\t\t\t\r\n\t\t\t\t\t\t\t\t\t\t\t\t\t\t\t\t\t\r\n\t\t\t\t\t\t\r\n\t\t\t\t\t\t<div class=\"sev-diaporama-portfolio-item   btnseeall btnseeall-xl col-12 col-md\">\r\n\t\t\t\t\t\t\t<a href=\"https:\/\/www.mirabel-mielles.com\/wp-content\/uploads\/2022\/10\/vente-mobil-home-IRM-Magnolia-3-1024x684.jpg\" data-lightbox=\"sevgallery-2039214890\" style=\"background-image: url(https:\/\/www.mirabel-mielles.com\/wp-content\/uploads\/2022\/10\/vente-mobil-home-IRM-Magnolia-3-1024x684.jpg)\">\r\n\t\t\t\t\t\t\t\t<img decoding=\"async\" src=\"https:\/\/www.mirabel-mielles.com\/wp-content\/uploads\/2022\/10\/vente-mobil-home-IRM-Magnolia-3-1024x684.jpg\" alt=\"achat stacaravan camping Bretagne\" loading=\"lazy\">\r\n\t\t\t\t\t\t\t\t\t\t\t\t\t\t\t<\/a>\r\n\t\t\t\t\t\t<\/div>\r\n\r\n\t\t\t\t\t\t\r\n\t\t\t\t\t\t\t\t\t\t\t\t\t\t\t\t\t\r\n\t\t\t\t\t\t\r\n\t\t\t\t\t\t<div class=\"sev-diaporama-portfolio-item   btnseeall btnseeall-xl col-12 col-md\">\r\n\t\t\t\t\t\t\t<a href=\"https:\/\/www.mirabel-mielles.com\/wp-content\/uploads\/2022\/10\/vente-mobil-home-IRM-Magnolia-4-1024x684.jpg\" data-lightbox=\"sevgallery-2039214890\" style=\"background-image: url(https:\/\/www.mirabel-mielles.com\/wp-content\/uploads\/2022\/10\/vente-mobil-home-IRM-Magnolia-4-1024x684.jpg)\">\r\n\t\t\t\t\t\t\t\t<img decoding=\"async\" src=\"https:\/\/www.mirabel-mielles.com\/wp-content\/uploads\/2022\/10\/vente-mobil-home-IRM-Magnolia-4-1024x684.jpg\" alt=\"achat stacaravan camping Bretagne\" loading=\"lazy\">\r\n\t\t\t\t\t\t\t\t\t\t\t\t\t\t\t<\/a>\r\n\t\t\t\t\t\t<\/div>\r\n\r\n\t\t\t\t\t\t\r\n\t\t\t\t\t\t\t\t\t\t\t\t\t\t\t\t\t\r\n\t\t\t\t\t\t\r\n\t\t\t\t\t\t<div class=\"sev-diaporama-portfolio-item  limitsm btnseeall btnseeall-xl col-12 col-md  col-shrink last-visible\">\r\n\t\t\t\t\t\t\t<a href=\"https:\/\/www.mirabel-mielles.com\/nl\/photos-camping-mielles\"  style=\"background-image: url(https:\/\/www.mirabel-mielles.com\/wp-content\/uploads\/2022\/10\/vente-mobil-home-rapidhome-lodge77-2-1024x683.jpg)\">\r\n\t\t\t\t\t\t\t\t<img decoding=\"async\" src=\"https:\/\/www.mirabel-mielles.com\/wp-content\/uploads\/2022\/10\/vente-mobil-home-rapidhome-lodge77-2-1024x683.jpg\" alt=\"achat stacaravan camping Bretagne\" loading=\"lazy\">\r\n\t\t\t\t\t\t\t\t\t\t\t\t\t\t\t\t\t<img decoding=\"async\" src=\"https:\/\/www.mirabel-mielles.com\/wp-content\/themes\/mielles\/assets\/img\/voir-photos.png\" alt=\"\" \/>\r\n\t\t\t\t\t\t\t\t\t<span>Bekijk alle foto's<\/span>\r\n\t\t\t\t\t\t\t\t\t\t\t\t\t\t\t<\/a>\r\n\t\t\t\t\t\t<\/div>\r\n\r\n\t\t\t\t\t\t\t\t\t\t\t\t\t<div class=\"w-100\"><\/div>\r\n\t\t\t\t\t\t\t\t\t\t\t\t\t\r\n\t\t\t\t\t\t\t\t\t\t\t\t\t\t\t\t\t\t\t\t\t<\/div>\r\n\t\t\t<\/div>\r\n\r\n\t\t\t<script>\r\n\t\t\tjQuery(function($) {\r\n\r\n\t\t\t\tvar marginPortfolio = function() {\r\n\r\n\t\t\t\t\tvar $diapo          = $('#sevgallery-2039214890');\r\n\t\t\t\t\tvar container_width = $diapo.parent().outerWidth();\r\n\t\t\t\t\tvar side            = ( $(window).innerWidth() - container_width ) \/ 2;\r\n\r\n\t\t\t\t\t$diapo.css( {\r\n\t\t\t\t\t\t'margin-left': '-' + side + 'px',\r\n\t\t\t\t\t\t'margin-right': '-' + side + 'px',\r\n\t\t\t\t\t} );\r\n\t\t\t\t};\r\n\r\n\t\t\t\t$( window ).resize( function() {\r\n\t\t\t\t\tmarginPortfolio();\r\n\t\t\t\t} );\r\n\t\t\t\tmarginPortfolio();\r\n\t\t\t});\r\n\t\t\t<\/script>","protected":false},"excerpt":{"rendered":"<p>Votre r\u00e9sidence secondaire \u00e0 Saint-Cast-le-Guildo Louez votre parcelle \u00e0 l\u2019ann\u00e9e au Camping Les Mielles en Bretagne (22) En faisant le [&hellip;]<\/p>\n","protected":false},"author":1,"featured_media":0,"parent":0,"menu_order":0,"comment_status":"closed","ping_status":"closed","template":"","meta":{"_seopress_robots_primary_cat":"","_seopress_titles_title":"Locations parcelles r\u00e9sidence secondaire St Cast le Guildo","_seopress_titles_desc":"Locations de parcelles \u00e0 l\u2019ann\u00e9e au camping Les Mielles pour l'achat de votre r\u00e9sidence secondaire \u00e0 Saint Cast le Guildo.","_seopress_robots_index":"","footnotes":""},"class_list":["post-63","page","type-page","status-publish","hentry"],"_links":{"self":[{"href":"https:\/\/www.mirabel-mielles.com\/nl\/wp-json\/wp\/v2\/pages\/63","targetHints":{"allow":["GET"]}}],"collection":[{"href":"https:\/\/www.mirabel-mielles.com\/nl\/wp-json\/wp\/v2\/pages"}],"about":[{"href":"https:\/\/www.mirabel-mielles.com\/nl\/wp-json\/wp\/v2\/types\/page"}],"author":[{"embeddable":true,"href":"https:\/\/www.mirabel-mielles.com\/nl\/wp-json\/wp\/v2\/users\/1"}],"replies":[{"embeddable":true,"href":"https:\/\/www.mirabel-mielles.com\/nl\/wp-json\/wp\/v2\/comments?post=63"}],"version-history":[{"count":12,"href":"https:\/\/www.mirabel-mielles.com\/nl\/wp-json\/wp\/v2\/pages\/63\/revisions"}],"predecessor-version":[{"id":9649,"href":"https:\/\/www.mirabel-mielles.com\/nl\/wp-json\/wp\/v2\/pages\/63\/revisions\/9649"}],"wp:attachment":[{"href":"https:\/\/www.mirabel-mielles.com\/nl\/wp-json\/wp\/v2\/media?parent=63"}],"curies":[{"name":"wp","href":"https:\/\/api.w.org\/{rel}","templated":true}]}}