{"id":67,"date":"2021-12-10T14:24:37","date_gmt":"2021-12-10T13:24:37","guid":{"rendered":"https:\/\/www.campinglarenaudiere.com\/?page_id=67"},"modified":"2026-02-26T10:44:57","modified_gmt":"2026-02-26T09:44:57","slug":"bestemmingsregio-cap-frehel-cap-erquy","status":"publish","type":"page","link":"https:\/\/www.mirabel-mielles.com\/nl\/region-destination-cap-frehel-cap-erquy","title":{"rendered":"Ontdek Cap d'Erquy"},"content":{"rendered":"<h1 class=\"wp-block-heading\">Camping bij Erquy met zwembad<\/h1>\n\n\n\n<p class=\"has-text-align-center\">Dichtbij de <strong>Cap d'Erquy in Bretagne<\/strong>, Onze camping met verwarmd zwembad verwelkomt je voor een vakantie aan zee. U kunt dan profiteren van de <strong>wandelen in Erquy<\/strong> en ontdek de emblematische landschappen van de 19<sup>th<\/sup> Grand site de France, bij Cap Fr\u00e9hel.<\/p>\n\n\n\n<figure class=\"wp-block-image aligncenter size-full\"><img loading=\"lazy\" decoding=\"async\" width=\"50\" height=\"8\" src=\"https:\/\/www.mirabel-mielles.com\/wp-content\/uploads\/2022\/09\/barre-bleue.png\" alt=\"\" class=\"wp-image-5969\"\/><\/figure>\n\n\n\n<div class=\"wp-block-media-text alignwide has-media-on-the-right is-stacked-on-mobile is-vertically-aligned-center\"><div class=\"wp-block-media-text__content\">\n<h2 class=\"wp-block-heading\">Ontdek Cap d'Erquy in Bretagne<\/h2>\n\n\n\n<p>Ontdek deze prachtige plek aan de oevers van de Rh\u00f4ne op slechts 30 minuten rijden van camping Les Mielles. <a href=\"https:\/\/www.mirabel-mielles.com\/nl\/cote-demeraude-bretagne\/\" target=\"_blank\" rel=\"noreferrer noopener\">de kust van smaragd<\/a>. Eenmaal daar heb je verschillende keuzes:<br>- Een geweldige wandeling om de wilde flora, baaien en kleine zandstranden te bewonderen langs de beroemde<strong>\u00a0GR34<\/strong>, pad <strong>wandelen in Erquy<\/strong>,van Cap Fr\u00e9hel.<\/p>\n\n\n\n<p>- Een sint-jakobsschelpvangsttocht vanaf de visafslag, natuurlijk gevolgd door een proeverij. De C\u00f4tes d'Armor staat bekend om zijn schelpdieren, waaronder de beroemde <strong>Cancale oesters<\/strong>.<\/p>\n\n\n\n<p>- Liefhebbers van cultuur en erfgoed kunnen een bezoek brengen aan Ch\u00e2teau de Bienassis, een statig huis dat puur Bretons is.<\/p>\n\n\n\n<p class=\"texte-rond has-orange-color has-text-color has-link-color has-large-font-size wp-elements-25b2c0737eb970f45a240751ebfbcdd0\">Een adembenemend uitzicht!<\/p>\n\n\n\n<p class=\"border border-info card p-4\"><strong>Een kleine anekdote over het dorp Erquy:<\/strong> Het was Erquy dat Uderzo inspireerde om zijn beroemde Gallische dorp op zijn albums te plaatsen. Dus Asterix en Obelix zouden in zekere zin neven zijn (een beetje ver weg, om eerlijk te zijn). Is dat niet leuk?<\/p>\n<\/div><figure class=\"wp-block-media-text__media\"><img loading=\"lazy\" decoding=\"async\" width=\"600\" height=\"400\" src=\"https:\/\/www.mirabel-mielles.com\/wp-content\/uploads\/2026\/02\/car-erquy-bretagne.jpg\" alt=\"\" class=\"wp-image-10860 size-full\" srcset=\"https:\/\/www.mirabel-mielles.com\/wp-content\/uploads\/2026\/02\/car-erquy-bretagne.jpg 600w, https:\/\/www.mirabel-mielles.com\/wp-content\/uploads\/2026\/02\/car-erquy-bretagne-300x200.jpg 300w\" sizes=\"auto, (max-width: 600px) 100vw, 600px\" \/><\/figure><\/div>\n\n\n\n<div class=\"wp-block-media-text alignwide is-stacked-on-mobile is-vertically-aligned-center animate left front-page-section grey\"><figure class=\"wp-block-media-text__media\"><img loading=\"lazy\" decoding=\"async\" width=\"700\" height=\"467\" src=\"https:\/\/www.mirabel-mielles.com\/wp-content\/uploads\/2023\/04\/vacances-camping-ideal-pour-les-famille-a-saint-cast-le-guildo.jpg\" alt=\"de stranden van Erquy\" class=\"wp-image-8312 size-full\" srcset=\"https:\/\/www.mirabel-mielles.com\/wp-content\/uploads\/2023\/04\/vacances-camping-ideal-pour-les-famille-a-saint-cast-le-guildo.jpg 700w, https:\/\/www.mirabel-mielles.com\/wp-content\/uploads\/2023\/04\/vacances-camping-ideal-pour-les-famille-a-saint-cast-le-guildo-300x200.jpg 300w\" sizes=\"auto, (max-width: 700px) 100vw, 700px\" \/><\/figure><div class=\"wp-block-media-text__content\">\n<h2 class=\"wp-block-heading\"><strong>Stranden bij Cap d'Erquy<\/strong><\/h2>\n\n\n\n<figure class=\"wp-block-image size-full\"><img decoding=\"async\" src=\"https:\/\/www.campinglarenaudiere.com\/wp-content\/uploads\/2022\/01\/barre-bleue.png\" alt=\"\" class=\"wp-image-2382\"\/><\/figure>\n\n\n\n<p>Of je nu op zoek bent naar een rustig plekje om te ontspannen, een zomerse duik wilt nemen of gewoon wilt genieten van het uitzicht, in Erquy vind je zeker wat je zoekt. Er zijn talloze stranden langs de kustlijn die je een andere omgeving en een ontspannende pauze bieden voor een weekend of een paar vrije dagen. <strong><u>vakantie in C\u00f4tes d'Armor.<\/u><\/strong><\/p>\n\n\n\n<p>We hebben een paar stranden in Erquy geselecteerd die je gezien moet hebben:<\/p>\n\n\n\n<p>- Plage Saint-Michel - Met zijn fijne zand en heldere water zorgt deze idyllische plek er zeker voor dat je langer wilt blijven.<\/p>\n\n\n\n<p>- Caroual Beach - Dit strand staat bekend om zijn familiaire sfeer, met voor elk wat wils: wandelingen, watersporten, zwemmen onder toezicht, enz.<\/p>\n\n\n\n<p>- De wilde stranden - Deze stranden, gelegen in het hart van de Cap d'Erquy en bereikbaar vanaf de GR34, zullen je overtuigen. Het zijn kleine, rustige baaien waar je kunt ontspannen en het landschap kunt bewonderen.<\/p>\n<\/div><\/div>\n\n\n\n<div class=\"wp-block-columns is-layout-flex wp-container-core-columns-is-layout-28f84493 wp-block-columns-is-layout-flex\">\n<div class=\"wp-block-column ml-auto mr-auto is-layout-flow wp-block-column-is-layout-flow\" style=\"flex-basis:80%\"><\/div>\n<\/div>\n\n\n\n<div class=\"wp-block-columns is-layout-flex wp-container-core-columns-is-layout-28f84493 wp-block-columns-is-layout-flex\">\n<div class=\"wp-block-column is-layout-flow wp-block-column-is-layout-flow\">\n<figure class=\"wp-block-image size-full\"><img loading=\"lazy\" decoding=\"async\" width=\"600\" height=\"400\" src=\"https:\/\/www.mirabel-mielles.com\/wp-content\/uploads\/2026\/02\/erquy-crique-plage-sauvage.jpg\" alt=\"erquy kreek transparant water cote d&#039;armor\" class=\"wp-image-10865\" srcset=\"https:\/\/www.mirabel-mielles.com\/wp-content\/uploads\/2026\/02\/erquy-crique-plage-sauvage.jpg 600w, https:\/\/www.mirabel-mielles.com\/wp-content\/uploads\/2026\/02\/erquy-crique-plage-sauvage-300x200.jpg 300w\" sizes=\"auto, (max-width: 600px) 100vw, 600px\" \/><\/figure>\n\n\n\n<h3 class=\"wp-block-heading has-text-align-center\">De kreken van Cap d'Erquy <\/h3>\n<\/div>\n\n\n\n<div class=\"wp-block-column is-layout-flow wp-block-column-is-layout-flow\">\n<div class=\"wp-block-group border border-info card is-layout-flow wp-block-group-is-layout-flow\">\n<p class=\"has-text-align-center\"><strong>Wist je dat? &nbsp;<\/strong><br><img decoding=\"async\" class=\"wp-image-2357\" style=\"width: 50px;\" src=\"https:\/\/www.campinglarenaudiere.com\/wp-content\/uploads\/2022\/01\/barre-orange.png\" alt=\"\"><\/p>\n\n\n\n<p class=\"has-text-align-center\">De Grands Sites de France zijn ambitieuze restauratieprojecten voor het beheer van prestigieuze geklasseerde sites in Frankrijk die veel bezocht worden (landschap, beschermd gebied, enz.). Cap Fr\u00e9hel en Cap d'Erquy maken deel uit van deze Grands Sites de France en zijn een must-see als je naar de regio komt voor een paar dagen vakantie. <strong>vakantie in Saint-Cast-le-Guildo.<\/strong><\/p>\n<\/div>\n<\/div>\n\n\n\n<div class=\"wp-block-column is-layout-flow wp-block-column-is-layout-flow\">\n<figure class=\"wp-block-image size-full\"><img loading=\"lazy\" decoding=\"async\" width=\"600\" height=\"402\" src=\"https:\/\/www.mirabel-mielles.com\/wp-content\/uploads\/2026\/02\/fort-lalatte-bretagne.jpg\" alt=\"fort lalatte bretagne cap frehel\" class=\"wp-image-10866\" srcset=\"https:\/\/www.mirabel-mielles.com\/wp-content\/uploads\/2026\/02\/fort-lalatte-bretagne.jpg 600w, https:\/\/www.mirabel-mielles.com\/wp-content\/uploads\/2026\/02\/fort-lalatte-bretagne-300x201.jpg 300w\" sizes=\"auto, (max-width: 600px) 100vw, 600px\" \/><\/figure>\n\n\n\n<h3 class=\"wp-block-heading has-text-align-center\">Fort LaLatte vanaf Camping La Crique<\/h3>\n<\/div>\n<\/div>\n\n\n\n<hr class=\"wp-block-separator has-alpha-channel-opacity\"\/>\n\n\n\n<div class=\"wp-block-media-text alignwide has-media-on-the-right is-stacked-on-mobile is-vertically-aligned-center is-style-default animate right\"><div class=\"wp-block-media-text__content\">\n<h4 class=\"wp-block-heading\">Cape Fr\u00e9hel en zijn kliffen<\/h4>\n\n\n\n<figure class=\"wp-block-image size-full\"><img decoding=\"async\" src=\"https:\/\/www.campinglarenaudiere.com\/wp-content\/uploads\/2022\/01\/barre-bleue.png\" alt=\"\" class=\"wp-image-2382\"\/><\/figure>\n\n\n\n<p>Als je in Saint-Cast-le-Guildo bent, mag je de kans niet missen om het\u00a0<strong>Cap Fr\u00e9hel<\/strong>\u00a0en zijn beroemde 70 meter hoge vuurtoren. Hier wacht je 400 hectare heidegebied, een onvergelijkbaar vogelreservaat en een adembenemend uitzicht op de Emerald Coast en Fort La Latte. Bezoek <strong>Vuurtoren Cap Fr\u00e9hel<\/strong> kan worden bezocht, die het punt 100 meter boven de zeespiegel domineert en tot op de dag van vandaag een van de 5 krachtigste vuurtorens van Frankrijk is. Na je bezoek kun je naar de top klimmen en gewoon het uitzicht bewonderen voordat je terugkeert naar <a href=\"https:\/\/www.mirabel-mielles.com\/nl\/huurprijzen-stacaravans\/\" target=\"_blank\" rel=\"noreferrer noopener\">je stacaravan.<\/a><\/p>\n\n\n\n<p><\/p>\n\n\n\n<h4 class=\"wp-block-heading\">Ontdek Fort Lalatte<\/h4>\n\n\n\n<p>Sinds onze <a href=\"https:\/\/www.mirabel-crique.com\/\" target=\"_blank\" rel=\"noreferrer noopener\">3-sterren camping La Crique<\/a> (ook in Saint-Cast-le-Guildo), of aan de andere kant van Cap Fr\u00e9hel, zie je vast en zeker de <strong>Fort Lalatte.<\/strong> Het is een van de grootste <strong>Bretonse kastelen<\/strong>\u00a0geclassificeerd als Historisch Monument. In het hoogseizoen kun je het bezoeken met je gezin en kinderen. Naast het verleden en de geschiedenis, maakt de locatie het een emblematische plek in de regio, zichtbaar in de verte en gemakkelijk herkenbaar.<\/p>\n<\/div><figure class=\"wp-block-media-text__media\"><img loading=\"lazy\" decoding=\"async\" width=\"1024\" height=\"683\" src=\"https:\/\/www.mirabel-mielles.com\/wp-content\/uploads\/2022\/09\/cap-frehel-phare-1024x683.jpg\" alt=\"Vuurtoren van Cap Frehel aan de Armor-kust\" class=\"wp-image-6196 size-full\" srcset=\"https:\/\/www.mirabel-mielles.com\/wp-content\/uploads\/2022\/09\/cap-frehel-phare-1024x683.jpg 1024w, https:\/\/www.mirabel-mielles.com\/wp-content\/uploads\/2022\/09\/cap-frehel-phare-300x200.jpg 300w, https:\/\/www.mirabel-mielles.com\/wp-content\/uploads\/2022\/09\/cap-frehel-phare-768x512.jpg 768w, https:\/\/www.mirabel-mielles.com\/wp-content\/uploads\/2022\/09\/cap-frehel-phare.jpg 1200w\" sizes=\"auto, (max-width: 1024px) 100vw, 1024px\" \/><\/figure><\/div>\n\n\n\n<p class=\"has-text-align-center texte-rond mt-5 has-large-font-size\">Ontdek de camping<\/p>\n\n\n\n<div class=\"wp-block-columns are-vertically-aligned-center h-20 front-page-section grey is-layout-flex wp-container-core-columns-is-layout-28f84493 wp-block-columns-is-layout-flex\">\n<div class=\"wp-block-column is-layout-flow wp-block-column-is-layout-flow\"><\/div>\n\n\n\n<div class=\"wp-block-column is-layout-flow wp-block-column-is-layout-flow\">\n<div class=\"wp-block-create-block-sevgutenberg-navigation\"><aside class=\"encart-sev-navigation small carre\"><a href=\"https:\/\/www.mirabel-mielles.com\/nl\/huurprijzen-stacaravans\/\" class=\"d-flex flex-column align-items-center\"><div class=\"encart-title\"><span>Verhuur<\/span><\/div><div class=\"vague\"><\/div><img decoding=\"async\" src=\"https:\/\/www.mirabel-mielles.com\/wp-content\/uploads\/2022\/09\/mh-pmr-soleil.jpg\" alt=\"PMR stacaravan verhuur\"\/><div class=\"ligne\"><\/div><div class=\"hover\"><\/div><\/a><\/aside><\/div>\n<\/div>\n\n\n\n<div class=\"wp-block-column is-vertically-aligned-center is-layout-flow wp-block-column-is-layout-flow\">\n<div class=\"wp-block-create-block-sevgutenberg-navigation\"><aside class=\"encart-sev-navigation small carre\"><a href=\"https:\/\/www.mirabel-mielles.com\/nl\/sint-cast-le-guildo\/\" class=\"d-flex flex-column align-items-center\"><div class=\"encart-title\"><span>Saint-Cast-le-Guildo<\/span><\/div><div class=\"vague\"><\/div><img decoding=\"async\" src=\"https:\/\/www.mirabel-mielles.com\/wp-content\/uploads\/2022\/09\/2-grande-plage-saint-cast.jpg\" alt=\"\"\/><div class=\"ligne\"><\/div><div class=\"hover\"><\/div><\/a><\/aside><\/div>\n<\/div>\n\n\n\n<div class=\"wp-block-column is-vertically-aligned-center is-layout-flow wp-block-column-is-layout-flow\">\n<div class=\"wp-block-create-block-sevgutenberg-navigation\"><aside class=\"encart-sev-navigation small carre\"><a href=\"https:\/\/www.mirabel-mielles.com\/nl\/ervaringen\/\" class=\"d-flex flex-column align-items-center\"><div class=\"encart-title\"><span>Ervaringen<\/span><\/div><div class=\"vague\"><\/div><img decoding=\"async\" src=\"https:\/\/www.mirabel-mielles.com\/wp-content\/uploads\/2022\/09\/2-parapente-mer-pixabay.jpg\" alt=\"\"\/><div class=\"ligne\"><\/div><div class=\"hover\"><\/div><\/a><\/aside><\/div>\n<\/div>\n\n\n\n<div class=\"wp-block-column is-layout-flow wp-block-column-is-layout-flow\"><\/div>\n<\/div>\n\n\n\n<figure class=\"wp-block-image aligncenter size-large is-resized mt-5\"><img decoding=\"async\" src=\"https:\/\/www.campinglarenaudiere.com\/wp-content\/uploads\/2022\/01\/photo-1024x84.png\" alt=\"fotogalerij\" class=\"wp-image-2371\" style=\"width:768px;height:63px\"\/><\/figure>\n\n\n\t\t\t<div id=\"sevgallery-1283279124\" class=\"sev-diaporama sev-diaporama-portfolio\">\r\n\t\t\t\t<div class=\"row\">\r\n\r\n\t\t\t\t\t\r\n\t\t\t\t\t\t\r\n\t\t\t\t\t\t<div class=\"sev-diaporama-portfolio-item   btnseeall btnseeall-xl col-12 col-md\">\r\n\t\t\t\t\t\t\t<a href=\"https:\/\/www.mirabel-mielles.com\/wp-content\/uploads\/2022\/09\/cap-frehel-coucher-soleil-683x1024.jpg\" data-lightbox=\"sevgallery-1283279124\" style=\"background-image: url(https:\/\/www.mirabel-mielles.com\/wp-content\/uploads\/2022\/09\/cap-frehel-coucher-soleil-683x1024.jpg)\">\r\n\t\t\t\t\t\t\t\t<img decoding=\"async\" src=\"https:\/\/www.mirabel-mielles.com\/wp-content\/uploads\/2022\/09\/cap-frehel-coucher-soleil-683x1024.jpg\" alt=\"cap frehel dichtbij camping\" loading=\"lazy\">\r\n\t\t\t\t\t\t\t\t\t\t\t\t\t\t\t<\/a>\r\n\t\t\t\t\t\t<\/div>\r\n\r\n\t\t\t\t\t\t\r\n\t\t\t\t\t\t\t\t\t\t\t\t\t\t\t\t\t\r\n\t\t\t\t\t\t\r\n\t\t\t\t\t\t<div class=\"sev-diaporama-portfolio-item   btnseeall btnseeall-xl col-12 col-md\">\r\n\t\t\t\t\t\t\t<a href=\"https:\/\/www.mirabel-mielles.com\/wp-content\/uploads\/2022\/09\/cap-frehel-falaise-fleurs-1024x683.jpg\" data-lightbox=\"sevgallery-1283279124\" style=\"background-image: url(https:\/\/www.mirabel-mielles.com\/wp-content\/uploads\/2022\/09\/cap-frehel-falaise-fleurs-1024x683.jpg)\">\r\n\t\t\t\t\t\t\t\t<img decoding=\"async\" src=\"https:\/\/www.mirabel-mielles.com\/wp-content\/uploads\/2022\/09\/cap-frehel-falaise-fleurs-1024x683.jpg\" alt=\"camping bij cap frehel\" loading=\"lazy\">\r\n\t\t\t\t\t\t\t\t\t\t\t\t\t\t\t<\/a>\r\n\t\t\t\t\t\t<\/div>\r\n\r\n\t\t\t\t\t\t\r\n\t\t\t\t\t\t\t\t\t\t\t\t\t\t\t\t\t\r\n\t\t\t\t\t\t\r\n\t\t\t\t\t\t<div class=\"sev-diaporama-portfolio-item   btnseeall btnseeall-xl col-12 col-md  col-grow\">\r\n\t\t\t\t\t\t\t<a href=\"https:\/\/www.mirabel-mielles.com\/wp-content\/uploads\/2022\/09\/cap-frehel-fort-lalatte-1024x683.jpg\" data-lightbox=\"sevgallery-1283279124\" style=\"background-image: url(https:\/\/www.mirabel-mielles.com\/wp-content\/uploads\/2022\/09\/cap-frehel-fort-lalatte-1024x683.jpg)\">\r\n\t\t\t\t\t\t\t\t<img decoding=\"async\" src=\"https:\/\/www.mirabel-mielles.com\/wp-content\/uploads\/2022\/09\/cap-frehel-fort-lalatte-1024x683.jpg\" alt=\"cap frehel dichtbij camping\" loading=\"lazy\">\r\n\t\t\t\t\t\t\t\t\t\t\t\t\t\t\t<\/a>\r\n\t\t\t\t\t\t<\/div>\r\n\r\n\t\t\t\t\t\t\r\n\t\t\t\t\t\t\t\t\t\t\t\t\t\t\t\t\t\r\n\t\t\t\t\t\t\r\n\t\t\t\t\t\t<div class=\"sev-diaporama-portfolio-item   btnseeall btnseeall-xl col-12 col-md  col-shrink\">\r\n\t\t\t\t\t\t\t<a href=\"https:\/\/www.mirabel-mielles.com\/wp-content\/uploads\/2022\/09\/cap-frehel-phare-1024x683.jpg\" data-lightbox=\"sevgallery-1283279124\" style=\"background-image: url(https:\/\/www.mirabel-mielles.com\/wp-content\/uploads\/2022\/09\/cap-frehel-phare-1024x683.jpg)\">\r\n\t\t\t\t\t\t\t\t<img decoding=\"async\" src=\"https:\/\/www.mirabel-mielles.com\/wp-content\/uploads\/2022\/09\/cap-frehel-phare-1024x683.jpg\" alt=\"kamperen in bretagne\" loading=\"lazy\">\r\n\t\t\t\t\t\t\t\t\t\t\t\t\t\t\t<\/a>\r\n\t\t\t\t\t\t<\/div>\r\n\r\n\t\t\t\t\t\t\t\t\t\t\t\t\t<div class=\"w-100\"><\/div>\r\n\t\t\t\t\t\t\t\t\t\t\t\t\t\r\n\t\t\t\t\t\t\t\t\t\t\t\t\t\t\t\t\t\r\n\t\t\t\t\t\t\r\n\t\t\t\t\t\t<div class=\"sev-diaporama-portfolio-item   btnseeall btnseeall-xl col-12 col-md  col-grow\">\r\n\t\t\t\t\t\t\t<a href=\"https:\/\/www.mirabel-mielles.com\/wp-content\/uploads\/2022\/09\/car-erquy-6-683x1024.jpg\" data-lightbox=\"sevgallery-1283279124\" style=\"background-image: url(https:\/\/www.mirabel-mielles.com\/wp-content\/uploads\/2022\/09\/car-erquy-6-683x1024.jpg)\">\r\n\t\t\t\t\t\t\t\t<img decoding=\"async\" src=\"https:\/\/www.mirabel-mielles.com\/wp-content\/uploads\/2022\/09\/car-erquy-6-683x1024.jpg\" alt=\"wandelen in de buurt van de camping\" loading=\"lazy\">\r\n\t\t\t\t\t\t\t\t\t\t\t\t\t\t\t<\/a>\r\n\t\t\t\t\t\t<\/div>\r\n\r\n\t\t\t\t\t\t\r\n\t\t\t\t\t\t\t\t\t\t\t\t\t\t\t\t\t\r\n\t\t\t\t\t\t\r\n\t\t\t\t\t\t<div class=\"sev-diaporama-portfolio-item   btnseeall btnseeall-xl col-12 col-md  col-grow\">\r\n\t\t\t\t\t\t\t<a href=\"https:\/\/www.mirabel-mielles.com\/wp-content\/uploads\/2022\/09\/car-erquy-8-1024x683.jpg\" data-lightbox=\"sevgallery-1283279124\" style=\"background-image: url(https:\/\/www.mirabel-mielles.com\/wp-content\/uploads\/2022\/09\/car-erquy-8-1024x683.jpg)\">\r\n\t\t\t\t\t\t\t\t<img decoding=\"async\" src=\"https:\/\/www.mirabel-mielles.com\/wp-content\/uploads\/2022\/09\/car-erquy-8-1024x683.jpg\" alt=\"camping bij cap erquy\" loading=\"lazy\">\r\n\t\t\t\t\t\t\t\t\t\t\t\t\t\t\t<\/a>\r\n\t\t\t\t\t\t<\/div>\r\n\r\n\t\t\t\t\t\t\r\n\t\t\t\t\t\t\t\t\t\t\t\t\t\t\t\t\t\r\n\t\t\t\t\t\t\r\n\t\t\t\t\t\t<div class=\"sev-diaporama-portfolio-item   btnseeall btnseeall-xl col-12 col-md  col-grow\">\r\n\t\t\t\t\t\t\t<a href=\"https:\/\/www.mirabel-mielles.com\/wp-content\/uploads\/2022\/09\/car-erquy-9-1024x683.jpg\" data-lightbox=\"sevgallery-1283279124\" style=\"background-image: url(https:\/\/www.mirabel-mielles.com\/wp-content\/uploads\/2022\/09\/car-erquy-9-1024x683.jpg)\">\r\n\t\t\t\t\t\t\t\t<img decoding=\"async\" src=\"https:\/\/www.mirabel-mielles.com\/wp-content\/uploads\/2022\/09\/car-erquy-9-1024x683.jpg\" alt=\"cap erquy dichtbij camping\" loading=\"lazy\">\r\n\t\t\t\t\t\t\t\t\t\t\t\t\t\t\t<\/a>\r\n\t\t\t\t\t\t<\/div>\r\n\r\n\t\t\t\t\t\t\r\n\t\t\t\t\t\t\t\t\t\t\t\t\t\t\t\t\t\r\n\t\t\t\t\t\t\r\n\t\t\t\t\t\t<div class=\"sev-diaporama-portfolio-item   btnseeall btnseeall-xl col-12 col-md  col-shrink last-visible\">\r\n\t\t\t\t\t\t\t<a href=\"https:\/\/www.mirabel-mielles.com\/nl\/photos-camping-mielles\"  style=\"background-image: url(https:\/\/www.mirabel-mielles.com\/wp-content\/uploads\/2022\/09\/erquy-crique-1024x683.jpg)\">\r\n\t\t\t\t\t\t\t\t<img decoding=\"async\" src=\"https:\/\/www.mirabel-mielles.com\/wp-content\/uploads\/2022\/09\/erquy-crique-1024x683.jpg\" alt=\"landschappen rond de camping in Bretagne\" loading=\"lazy\">\r\n\t\t\t\t\t\t\t\t\t\t\t\t\t\t\t\t\t<img decoding=\"async\" src=\"https:\/\/www.mirabel-mielles.com\/wp-content\/themes\/mielles\/assets\/img\/voir-photos.png\" alt=\"\" \/>\r\n\t\t\t\t\t\t\t\t\t<span>Bekijk alle foto's<\/span>\r\n\t\t\t\t\t\t\t\t\t\t\t\t\t\t\t<\/a>\r\n\t\t\t\t\t\t<\/div>\r\n\r\n\t\t\t\t\t\t\t\t\t\t\t\t\t<div class=\"w-100\"><\/div>\r\n\t\t\t\t\t\t\t\t\t\t\t\t\t\r\n\t\t\t\t\t\t\t\t\t\t\t\t\t\t\t\t\t\r\n\t\t\t\t\t\t\r\n\t\t\t\t\t\t<div class=\"sev-diaporama-portfolio-item  limitsm btnseeall btnseeall-xl col-12 col-md  col-grow d-none\">\r\n\t\t\t\t\t\t\t<a href=\"https:\/\/www.mirabel-mielles.com\/wp-content\/uploads\/2022\/09\/erquy-crique-2-1024x683.jpg\" data-lightbox=\"sevgallery-1283279124\" style=\"background-image: url(https:\/\/www.mirabel-mielles.com\/wp-content\/uploads\/2022\/09\/erquy-crique-2-1024x683.jpg)\">\r\n\t\t\t\t\t\t\t\t<img decoding=\"async\" src=\"https:\/\/www.mirabel-mielles.com\/wp-content\/uploads\/2022\/09\/erquy-crique-2-1024x683.jpg\" alt=\"kaap erquy\" loading=\"lazy\">\r\n\t\t\t\t\t\t\t\t\t\t\t\t\t\t\t<\/a>\r\n\t\t\t\t\t\t<\/div>\r\n\r\n\t\t\t\t\t\t\r\n\t\t\t\t\t\t\t\t\t\t\t\t\t\t\t\t\t\t\t\t\t<\/div>\r\n\t\t\t<\/div>\r\n\r\n\t\t\t<script>\r\n\t\t\tjQuery(function($) {\r\n\r\n\t\t\t\tvar marginPortfolio = function() {\r\n\r\n\t\t\t\t\tvar $diapo          = $('#sevgallery-1283279124');\r\n\t\t\t\t\tvar container_width = $diapo.parent().outerWidth();\r\n\t\t\t\t\tvar side            = ( $(window).innerWidth() - container_width ) \/ 2;\r\n\r\n\t\t\t\t\t$diapo.css( {\r\n\t\t\t\t\t\t'margin-left': '-' + side + 'px',\r\n\t\t\t\t\t\t'margin-right': '-' + side + 'px',\r\n\t\t\t\t\t} );\r\n\t\t\t\t};\r\n\r\n\t\t\t\t$( window ).resize( function() {\r\n\t\t\t\t\tmarginPortfolio();\r\n\t\t\t\t} );\r\n\t\t\t\tmarginPortfolio();\r\n\t\t\t});\r\n\t\t\t<\/script>","protected":false},"excerpt":{"rendered":"<p>Camping \u00e0 proximit\u00e9 d&rsquo;Erquy avec piscine Situ\u00e9 \u00e0 proximit\u00e9 du Cap d\u2019Erquy en Bretagne, notre camping et sa piscine chauff\u00e9e [&hellip;]<\/p>\n","protected":false},"author":1,"featured_media":0,"parent":0,"menu_order":0,"comment_status":"closed","ping_status":"closed","template":"","meta":{"_seopress_robots_primary_cat":"","_seopress_titles_title":"Camping avec piscine proche du Cap d'Erquy","_seopress_titles_desc":"Partez \u00e0 la d\u00e9couverte du Cap Erquy, site touristique majeur dans les C\u00f4tes d'Armor. \u00c0 30 min du Camping 4 \u00e9toiles les Mielles.","_seopress_robots_index":"","footnotes":""},"class_list":["post-67","page","type-page","status-publish","hentry"],"_links":{"self":[{"href":"https:\/\/www.mirabel-mielles.com\/nl\/wp-json\/wp\/v2\/pages\/67","targetHints":{"allow":["GET"]}}],"collection":[{"href":"https:\/\/www.mirabel-mielles.com\/nl\/wp-json\/wp\/v2\/pages"}],"about":[{"href":"https:\/\/www.mirabel-mielles.com\/nl\/wp-json\/wp\/v2\/types\/page"}],"author":[{"embeddable":true,"href":"https:\/\/www.mirabel-mielles.com\/nl\/wp-json\/wp\/v2\/users\/1"}],"replies":[{"embeddable":true,"href":"https:\/\/www.mirabel-mielles.com\/nl\/wp-json\/wp\/v2\/comments?post=67"}],"version-history":[{"count":23,"href":"https:\/\/www.mirabel-mielles.com\/nl\/wp-json\/wp\/v2\/pages\/67\/revisions"}],"predecessor-version":[{"id":10941,"href":"https:\/\/www.mirabel-mielles.com\/nl\/wp-json\/wp\/v2\/pages\/67\/revisions\/10941"}],"wp:attachment":[{"href":"https:\/\/www.mirabel-mielles.com\/nl\/wp-json\/wp\/v2\/media?parent=67"}],"curies":[{"name":"wp","href":"https:\/\/api.w.org\/{rel}","templated":true}]}}